{"id":143,"date":"2014-01-10T19:26:28","date_gmt":"2014-01-10T18:26:28","guid":{"rendered":"http:\/\/www.ac-nice.fr\/eps\/?page_id=143"},"modified":"2023-02-08T16:08:35","modified_gmt":"2023-02-08T15:08:35","slug":"enseignement-optionnel","status":"publish","type":"page","link":"https:\/\/www.pedagogie.ac-nice.fr\/eps\/institutionnel\/lycee\/enseignement-optionnel\/","title":{"rendered":"Programme enseignement Optionnel EPS"},"content":{"rendered":"<h2>Textes officiels<\/h2>\n<h3>Arr\u00eat\u00e9 du 02 juin 2021: Programme d&rsquo;enseignement commun et d&rsquo;enseignement optionnel d&rsquo;\u00e9ducation physique et sportive pour la classe de seconde g\u00e9n\u00e9rale et technologique et pour les classes de premi\u00e8re et terminale des voies g\u00e9n\u00e9rale et technologique.<\/h3>\n<p><img loading=\"lazy\" decoding=\"async\" class=\"alignnone wp-image-1684\" src=\"https:\/\/www.pedagogie.ac-nice.fr\/eps\/wp-content\/uploads\/sites\/20\/2015\/12\/bo-1.jpg\" alt=\"Le Bulletin officiel de l'Education Nationale\" width=\"65\" height=\"43\" \/>\u00a0 <a href=\"https:\/\/www.pedagogie.ac-nice.fr\/eps\/wp-content\/uploads\/sites\/20\/2022\/02\/option-EPS_BO_n\u00b025_24-06-2021_programme.pdf\" target=\"_blank\" rel=\"noopener\">BO n\u00b025 du 24 juillet 2021<\/a><\/p>\n<p><strong>Annexe 2:<\/strong> Programme enseignement optionnel d&rsquo;EPS<\/p>\n<h2>Pr\u00e9sentation en quelques clics<\/h2>\n<p><a href=\"https:\/\/prezi.com\/view\/Y96cGCmYcy9fLlWejiTl\/\" target=\"_blank\" rel=\"noopener\"><img loading=\"lazy\" decoding=\"async\" class=\"wp-image-6616 aligncenter\" src=\"https:\/\/www.pedagogie.ac-nice.fr\/eps\/wp-content\/uploads\/sites\/20\/2022\/11\/Capture-decran-2022-11-24-a-22.23.23-e1669976041765-300x165.png\" alt=\"\" width=\"431\" height=\"237\" srcset=\"https:\/\/www.pedagogie.ac-nice.fr\/eps\/wp-content\/uploads\/sites\/20\/2022\/11\/Capture-decran-2022-11-24-a-22.23.23-e1669976041765-300x165.png 300w, https:\/\/www.pedagogie.ac-nice.fr\/eps\/wp-content\/uploads\/sites\/20\/2022\/11\/Capture-decran-2022-11-24-a-22.23.23-e1669976041765-768x422.png 768w, https:\/\/www.pedagogie.ac-nice.fr\/eps\/wp-content\/uploads\/sites\/20\/2022\/11\/Capture-decran-2022-11-24-a-22.23.23-e1669976041765.png 800w\" sizes=\"auto, (max-width: 431px) 100vw, 431px\" \/><\/a><\/p>\n<h2>\u00c9tablissements proposant un enseignement optionnel EPS<\/h2>\n<div><span style=\"text-decoration: underline;\">Dans le Var:<\/span><\/div>\n<div><\/div>\n<div>&#8211; Lyc\u00e9e Albert Camus FREJUS<\/div>\n<div>&#8211; Lyc\u00e9e agricole Agricampus HYERES<\/div>\n<div>&#8211; Lyc\u00e9e Costebelle HYERES<\/div>\n<div>&#8211; Lyc\u00e9e Jean Aicard HYERES<\/div>\n<div>&#8211; Lyc\u00e9e du Val d&rsquo;Argens LE MUY<\/div>\n<div>&#8211; Lyc\u00e9e Thomas Edisson de LORGUES<\/div>\n<div>&#8211; Lyc\u00e9e Saint Joseph OLLIOULES<\/div>\n<div>&#8211; Lyc\u00e9e Bonaparte TOULON<\/div>\n<div>&#8211; Lyc\u00e9e Dumont\u00a0 d\u2019Urville TOULON<\/div>\n<div>&#8211; Lyc\u00e9e Saint Exup\u00e9ry SAINT RAPHAEL<\/div>\n<div><\/div>\n<div><\/div>\n<div><span style=\"text-decoration: underline;\">Dans les Alpes Maritimes:<\/span><\/div>\n<div><\/div>\n<div>&#8211; Lyc\u00e9e agricole LEGTA ANTIBES<\/div>\n<div>&#8211; lyc\u00e9e Renoir CAGNES SUR MER<\/div>\n<div>&#8211; Lyc\u00e9e Bristol CANNES<\/div>\n<div>&#8211; Lyc\u00e9e Alexis de Tocqueville GRASSE<\/div>\n<div>&#8211; Lyc\u00e9e du parc imp\u00e9rial NICE<\/div>\n<div>&#8211; Lyc\u00e9e International de VALBONNE<\/div>\n<div>&#8211; Lyc\u00e9e de la Montagne VALDEBLORE<\/div>\n","protected":false},"excerpt":{"rendered":"<p>Textes officiels Arr\u00eat\u00e9 du 02 juin 2021: Programme d&rsquo;enseignement commun et d&rsquo;enseignement optionnel d&rsquo;\u00e9ducation physique et sportive pour la classe de seconde g\u00e9n\u00e9rale et technologique et pour les classes de premi\u00e8re et terminale des voies g\u00e9n\u00e9rale et technologique. \u00a0 BO n\u00b025 du 24 juillet 2021 Annexe 2: Programme enseignement optionnel d&rsquo;EPS Pr\u00e9sentation en quelques clics &hellip; <a href=\"https:\/\/www.pedagogie.ac-nice.fr\/eps\/institutionnel\/lycee\/enseignement-optionnel\/\" class=\"more-link\">Continuer la lecture de <span class=\"screen-reader-text\">Programme enseignement Optionnel EPS<\/span> <span class=\"meta-nav\">&rarr;<\/span><\/a><\/p>\n","protected":false},"author":129,"featured_media":0,"parent":116,"menu_order":0,"comment_status":"closed","ping_status":"closed","template":"","meta":{"footnotes":""},"class_list":["post-143","page","type-page","status-publish","hentry"],"rttpg_featured_image_url":null,"rttpg_author":{"display_name":"Fran\u00e7ois Meignaud","author_link":"https:\/\/www.pedagogie.ac-nice.fr\/eps\/author\/meignaud\/"},"rttpg_comment":0,"rttpg_category":null,"rttpg_excerpt":"Textes officiels Arr\u00eat\u00e9 du 02 juin 2021: Programme d&rsquo;enseignement commun et d&rsquo;enseignement optionnel d&rsquo;\u00e9ducation physique et sportive pour la classe de seconde g\u00e9n\u00e9rale et technologique et pour les classes de premi\u00e8re et terminale des voies g\u00e9n\u00e9rale et technologique. \u00a0 BO n\u00b025 du 24 juillet 2021 Annexe 2: Programme enseignement optionnel d&rsquo;EPS Pr\u00e9sentation en quelques clics\u2026","post_mailing_queue_ids":[],"_links":{"self":[{"href":"https:\/\/www.pedagogie.ac-nice.fr\/eps\/wp-json\/wp\/v2\/pages\/143","targetHints":{"allow":["GET"]}}],"collection":[{"href":"https:\/\/www.pedagogie.ac-nice.fr\/eps\/wp-json\/wp\/v2\/pages"}],"about":[{"href":"https:\/\/www.pedagogie.ac-nice.fr\/eps\/wp-json\/wp\/v2\/types\/page"}],"author":[{"embeddable":true,"href":"https:\/\/www.pedagogie.ac-nice.fr\/eps\/wp-json\/wp\/v2\/users\/129"}],"replies":[{"embeddable":true,"href":"https:\/\/www.pedagogie.ac-nice.fr\/eps\/wp-json\/wp\/v2\/comments?post=143"}],"version-history":[{"count":18,"href":"https:\/\/www.pedagogie.ac-nice.fr\/eps\/wp-json\/wp\/v2\/pages\/143\/revisions"}],"predecessor-version":[{"id":6764,"href":"https:\/\/www.pedagogie.ac-nice.fr\/eps\/wp-json\/wp\/v2\/pages\/143\/revisions\/6764"}],"up":[{"embeddable":true,"href":"https:\/\/www.pedagogie.ac-nice.fr\/eps\/wp-json\/wp\/v2\/pages\/116"}],"wp:attachment":[{"href":"https:\/\/www.pedagogie.ac-nice.fr\/eps\/wp-json\/wp\/v2\/media?parent=143"}],"curies":[{"name":"wp","href":"https:\/\/api.w.org\/{rel}","templated":true}]}}