{"id":10290,"date":"2024-06-20T10:51:24","date_gmt":"2024-06-20T08:51:24","guid":{"rendered":"https:\/\/www.pedagogie.ac-nice.fr\/mathematiques\/?page_id=10290"},"modified":"2024-06-24T10:24:10","modified_gmt":"2024-06-24T08:24:10","slug":"les-actualites-des-labomaths-3e-trimestre-2023-2024","status":"publish","type":"page","link":"https:\/\/www.pedagogie.ac-nice.fr\/mathematiques\/les-actualites-des-labomaths-3e-trimestre-2023-2024\/","title":{"rendered":"Les actualit\u00e9s des labomaths &#8211; 3e trimestre 2023\/2024"},"content":{"rendered":"<p>[et_pb_section fb_built=\u00a0\u00bb1&Prime; _builder_version=\u00a0\u00bb4.10.7&Prime; _module_preset=\u00a0\u00bbdefault\u00a0\u00bb global_colors_info=\u00a0\u00bb{}\u00a0\u00bb][et_pb_row _builder_version=\u00a0\u00bb4.10.7&Prime; _module_preset=\u00a0\u00bbdefault\u00a0\u00bb global_colors_info=\u00a0\u00bb{}\u00a0\u00bb][et_pb_column type=\u00a0\u00bb4_4&Prime; _builder_version=\u00a0\u00bb4.10.7&Prime; _module_preset=\u00a0\u00bbdefault\u00a0\u00bb global_colors_info=\u00a0\u00bb{}\u00a0\u00bb][et_pb_text _builder_version=\u00a0\u00bb4.10.7&Prime; _module_preset=\u00a0\u00bbdefault\u00a0\u00bb global_colors_info=\u00a0\u00bb{}\u00a0\u00bb]<strong><span style=\"color: #000080; font-size: 14pt;\">Coll\u00e8ge Genevoix, Toulon<\/span><\/strong><br \/>\nOuverture aux \u00e9l\u00e8ves 2 fois par semaine, jeux de calculs de type Mathador. Une soir\u00e9e maths \u00e9tait pr\u00e9vue mais a du \u00eatre report\u00e9e \u00e0 l\u2019an&nbsp; prochain. Une semaine des sciences pour le public du cycle 3 des \u00e9coles du r\u00e9seau est en train d\u2019\u00eatre mise en place.<br \/>\n[\/et_pb_text][\/et_pb_column][\/et_pb_row][et_pb_row _builder_version=\u00a0\u00bb4.10.7&Prime; _module_preset=\u00a0\u00bbdefault\u00a0\u00bb global_colors_info=\u00a0\u00bb{}\u00a0\u00bb][et_pb_column type=\u00a0\u00bb4_4&Prime; _builder_version=\u00a0\u00bb4.10.7&Prime; _module_preset=\u00a0\u00bbdefault\u00a0\u00bb global_colors_info=\u00a0\u00bb{}\u00a0\u00bb][et_pb_text _builder_version=\u00a0\u00bb4.10.7&Prime; _module_preset=\u00a0\u00bbdefault\u00a0\u00bb global_colors_info=\u00a0\u00bb{}\u00a0\u00bb]<span style=\"font-size: 14pt; color: #000080;\"><strong>Lyc\u00e9e du Val d\u2019Argens, Le Muy<\/strong><\/span><br \/>\nDes d\u00e9fis maths ont \u00e9t\u00e9 propos\u00e9s tout au long de l\u2019ann\u00e9e pour tous les personnels, \u00e9l\u00e8ves du lyc\u00e9e. Sur la pause m\u00e9ridienne, le labomaths est ouvert pour r\u00e9pondre aux questions des \u00e9l\u00e8ves.<br \/>\nUne sortie cin\u00e9ma pour le film le Th\u00e9or\u00e8me de Marguerite a \u00e9t\u00e9 organis\u00e9e et propos\u00e9e aux \u00e9l\u00e8ves de Maths Expertes. Des participations au concours Castor et Algor\u00e9a ont \u00e9t\u00e9 organis\u00e9es.<br \/>\nUne belle sortie au Mathemarium-LJAD (Universit\u00e9 de Nice) a \u00e9t\u00e9 organis\u00e9e et propos\u00e9e aux \u00e9l\u00e8ves de Bac pro Opticien Lunetier et des projets pleins la t\u00eate pour l\u2019an prochain (spectacle sur Alan Turing, liaison lyc\u00e9e-sup\u00e9rieur avec un professeur de l\u2019IUT de Toulon).<br \/>\n[\/et_pb_text][\/et_pb_column][\/et_pb_row][et_pb_row column_structure=\u00a0\u00bb1_3,2_3&Prime; _builder_version=\u00a0\u00bb4.10.7&Prime; _module_preset=\u00a0\u00bbdefault\u00a0\u00bb global_colors_info=\u00a0\u00bb{}\u00a0\u00bb][et_pb_column type=\u00a0\u00bb1_3&Prime; _builder_version=\u00a0\u00bb4.10.7&Prime; _module_preset=\u00a0\u00bbdefault\u00a0\u00bb global_colors_info=\u00a0\u00bb{}\u00a0\u00bb][et_pb_image src=\u00a0\u00bbhttps:\/\/www.pedagogie.ac-nice.fr\/mathematiques\/wp-content\/uploads\/sites\/30\/2024\/06\/actu_trimestre3_labo.jpg\u00a0\u00bb title_text=\u00a0\u00bbactu_trimestre3_labo\u00a0\u00bb align=\u00a0\u00bbright\u00a0\u00bb _builder_version=\u00a0\u00bb4.10.7&Prime; _module_preset=\u00a0\u00bbdefault\u00a0\u00bb height=\u00a0\u00bb250px\u00a0\u00bb global_colors_info=\u00a0\u00bb{}\u00a0\u00bb][\/et_pb_image][\/et_pb_column][et_pb_column type=\u00a0\u00bb2_3&Prime; _builder_version=\u00a0\u00bb4.10.7&Prime; _module_preset=\u00a0\u00bbdefault\u00a0\u00bb global_colors_info=\u00a0\u00bb{}\u00a0\u00bb][et_pb_image src=\u00a0\u00bbhttps:\/\/www.pedagogie.ac-nice.fr\/mathematiques\/wp-content\/uploads\/sites\/30\/2024\/06\/actu_trimestre3_labo1.jpg\u00a0\u00bb title_text=\u00a0\u00bbactu_trimestre3_labo1&Prime; _builder_version=\u00a0\u00bb4.10.7&Prime; _module_preset=\u00a0\u00bbdefault\u00a0\u00bb width=\u00a0\u00bb90%\u00a0\u00bb custom_margin=\u00a0\u00bb20px||20px||true|false\u00a0\u00bb global_colors_info=\u00a0\u00bb{}\u00a0\u00bb][\/et_pb_image][\/et_pb_column][\/et_pb_row][et_pb_row _builder_version=\u00a0\u00bb4.10.7&Prime; _module_preset=\u00a0\u00bbdefault\u00a0\u00bb global_colors_info=\u00a0\u00bb{}\u00a0\u00bb][et_pb_column type=\u00a0\u00bb4_4&Prime; _builder_version=\u00a0\u00bb4.10.7&Prime; _module_preset=\u00a0\u00bbdefault\u00a0\u00bb global_colors_info=\u00a0\u00bb{}\u00a0\u00bb][et_pb_text _builder_version=\u00a0\u00bb4.10.7&Prime; _module_preset=\u00a0\u00bbdefault\u00a0\u00bb global_colors_info=\u00a0\u00bb{}\u00a0\u00bb]<\/p>\n<p><span style=\"font-size: 14pt; color: #000080;\"><strong>R\u00e9seau Dettloff, Nice<\/strong><\/span><br \/>Fin des demi-journ\u00e9es de formations sur l\u2019analyse de l\u2019erreur dans le domaine des nombres et calculs ainsi que sur la verbalisation en math\u00e9matiques. Des \u00e9changes riches et nourris ainsi que des partages d\u2019exp\u00e9riences.<\/p>\n<p>Sur le th\u00e8me de l\u2019erreur en math\u00e9matique, le questionnaire \u00e9labor\u00e9 par Sylvain Etienne et le groupe du Conseil Acad\u00e9mique des Savoirs fondamentaux est toujours disponible sur ce sujet <a href=\"https:\/\/enquetes.ac-nice.fr\/index.php\/211252?lang=fr\">https:\/\/enquetes.ac-nice.fr\/index.php\/211252?lang=fr<\/a><br \/>Un sujet dont vous pouvez toujours vous emparer l\u2019an prochain encore!<\/p>\n<p>[\/et_pb_text][et_pb_image src=\u00a0\u00bbhttps:\/\/www.pedagogie.ac-nice.fr\/mathematiques\/wp-content\/uploads\/sites\/30\/2024\/06\/actu_trimestre3_labo2.jpg\u00a0\u00bb title_text=\u00a0\u00bbactu_trimestre3_labo2&Prime; align=\u00a0\u00bbcenter\u00a0\u00bb _builder_version=\u00a0\u00bb4.10.7&Prime; _module_preset=\u00a0\u00bbdefault\u00a0\u00bb width=\u00a0\u00bb60%\u00a0\u00bb global_colors_info=\u00a0\u00bb{}\u00a0\u00bb][\/et_pb_image][\/et_pb_column][\/et_pb_row][et_pb_row _builder_version=\u00a0\u00bb4.10.7&Prime; _module_preset=\u00a0\u00bbdefault\u00a0\u00bb global_colors_info=\u00a0\u00bb{}\u00a0\u00bb][et_pb_column type=\u00a0\u00bb4_4&Prime; _builder_version=\u00a0\u00bb4.10.7&Prime; _module_preset=\u00a0\u00bbdefault\u00a0\u00bb global_colors_info=\u00a0\u00bb{}\u00a0\u00bb][et_pb_text _builder_version=\u00a0\u00bb4.10.7&Prime; _module_preset=\u00a0\u00bbdefault\u00a0\u00bb global_colors_info=\u00a0\u00bb{}\u00a0\u00bb]<strong><span style=\"font-size: 14pt; color: #000080;\">Lyc\u00e9e Guillaume Apollinaire, Nice<\/span><\/strong><br \/>\nUne demi-journ\u00e9e d\u2019informations et d\u2018\u00e9changes avec les coll\u00e8ges du r\u00e9seau pour la mise en place d\u2019un cahier de vacances coll\u00e8ge-lyc\u00e9e. Des projets de liaison avec le sup\u00e9rieur passant par l\u2019accueil d\u2019\u00e9tudiants de Master qui pr\u00e9parent l\u2019agr\u00e9gation en math\u00e9matiques. Des \u00e9changes qui permettent aux \u00e9l\u00e8ves de se projeter dans des \u00e9tudes de math\u00e9matiques.<br \/>\n[\/et_pb_text][\/et_pb_column][\/et_pb_row][et_pb_row _builder_version=\u00a0\u00bb4.10.7&Prime; _module_preset=\u00a0\u00bbdefault\u00a0\u00bb global_colors_info=\u00a0\u00bb{}\u00a0\u00bb][et_pb_column type=\u00a0\u00bb4_4&Prime; _builder_version=\u00a0\u00bb4.10.7&Prime; _module_preset=\u00a0\u00bbdefault\u00a0\u00bb global_colors_info=\u00a0\u00bb{}\u00a0\u00bb][et_pb_text _builder_version=\u00a0\u00bb4.10.7&Prime; _module_preset=\u00a0\u00bbdefault\u00a0\u00bb global_colors_info=\u00a0\u00bb{}\u00a0\u00bb]<strong><span style=\"font-size: 14pt; color: #000080;\">Lyc\u00e9e Audiberti, Antibes,<\/span><\/strong><br \/>\nLes d\u00e9fis robotiques se sont poursuivis au labomaths du lyc\u00e9e Audiberti d\u2019Antibes. L\u2019\u00e9quipe mixte des Marabouteurs (<a href=\"https:\/\/lesmarabouteurs.fr\/\" target=\"_blank\" rel=\"noopener\">https:\/\/lesmarabouteurs.fr\/<\/a>) de sp\u00e9cialit\u00e9 NSI et Maths a \u00e9t\u00e9 s\u00e9lectionn\u00e9e pour une comp\u00e9tition lyonnaise et a r\u00e9ussi \u00e0 atteindre la finale.<br \/>\nUne belle aventure !!<br \/>\n[\/et_pb_text][\/et_pb_column][\/et_pb_row][et_pb_row column_structure=\u00a0\u00bb3_4,1_4&Prime; _builder_version=\u00a0\u00bb4.10.7&Prime; _module_preset=\u00a0\u00bbdefault\u00a0\u00bb global_colors_info=\u00a0\u00bb{}\u00a0\u00bb][et_pb_column type=\u00a0\u00bb3_4&Prime; _builder_version=\u00a0\u00bb4.10.7&Prime; _module_preset=\u00a0\u00bbdefault\u00a0\u00bb global_colors_info=\u00a0\u00bb{}\u00a0\u00bb][et_pb_image src=\u00a0\u00bbhttps:\/\/www.pedagogie.ac-nice.fr\/mathematiques\/wp-content\/uploads\/sites\/30\/2024\/06\/actu_trimestre3_labo4.jpg\u00a0\u00bb title_text=\u00a0\u00bbactu_trimestre3_labo4&Prime; align=\u00a0\u00bbright\u00a0\u00bb _builder_version=\u00a0\u00bb4.10.7&Prime; _module_preset=\u00a0\u00bbdefault\u00a0\u00bb width=\u00a0\u00bb85%\u00a0\u00bb global_colors_info=\u00a0\u00bb{}\u00a0\u00bb][\/et_pb_image][\/et_pb_column][et_pb_column type=\u00a0\u00bb1_4&Prime; _builder_version=\u00a0\u00bb4.10.7&Prime; _module_preset=\u00a0\u00bbdefault\u00a0\u00bb global_colors_info=\u00a0\u00bb{}\u00a0\u00bb][et_pb_image src=\u00a0\u00bbhttps:\/\/www.pedagogie.ac-nice.fr\/mathematiques\/wp-content\/uploads\/sites\/30\/2024\/06\/actu_trimestre3_labo5.jpg\u00a0\u00bb title_text=\u00a0\u00bbactu_trimestre3_labo5&Prime; _builder_version=\u00a0\u00bb4.10.7&Prime; _module_preset=\u00a0\u00bbdefault\u00a0\u00bb module_alignment=\u00a0\u00bbleft\u00a0\u00bb global_colors_info=\u00a0\u00bb{}\u00a0\u00bb][\/et_pb_image][\/et_pb_column][\/et_pb_row][et_pb_row _builder_version=\u00a0\u00bb4.10.7&Prime; _module_preset=\u00a0\u00bbdefault\u00a0\u00bb global_colors_info=\u00a0\u00bb{}\u00a0\u00bb][et_pb_column type=\u00a0\u00bb4_4&Prime; _builder_version=\u00a0\u00bb4.10.7&Prime; _module_preset=\u00a0\u00bbdefault\u00a0\u00bb global_colors_info=\u00a0\u00bb{}\u00a0\u00bb][et_pb_text _builder_version=\u00a0\u00bb4.10.7&Prime; _module_preset=\u00a0\u00bbdefault\u00a0\u00bb global_colors_info=\u00a0\u00bb{}\u00a0\u00bb]<span style=\"font-size: 14pt; color: #000080;\"><strong>Lyc\u00e9e Mass\u00e9na, Nice<\/strong><\/span><br \/>\nBeaucoup d\u2019actions pour les \u00e9l\u00e8ves :<br \/>\n&#8211; Pr\u00e9paration aux olympiades pour les \u00e9l\u00e8ves de premi\u00e8re (1 heure\/semaine)<br \/>\n&#8211; Pr\u00e9paration au concours g\u00e9n\u00e9ral pour les \u00e9l\u00e8ves de terminale (2 heures\/semaine)<br \/>\n&#8211; Participation des \u00e9l\u00e8ves aux divers concours durant la semaine des maths :<br \/>\n&nbsp;&nbsp;&nbsp;&nbsp;&nbsp; \u2022 Concours Kangourou (secondes) (21 mars 2024)<br \/>\n&nbsp;&nbsp;&nbsp;&nbsp;&nbsp; \u2022 Olympiades de math\u00e9matiques (premi\u00e8res) (20 mars 2024)<br \/>\n&nbsp;&nbsp;&nbsp;&nbsp;&nbsp; \u2022 Concours g\u00e9n\u00e9ral de math\u00e9matiques (terminales) (21 mars 2024)<br \/>\n&nbsp;&nbsp;&nbsp;&nbsp;&nbsp; \u2022 Rallye math\u00e9matique (secondes) (14 mai 2024)<\/p>\n<p>Par ailleurs, dans le cadre des actions propos\u00e9es par l\u2019amicale des anciens \u00e9l\u00e8ves du lyc\u00e9e Mass\u00e9na, les \u00e9l\u00e8ves (lyc\u00e9e+CPGE) ont pu participer \u00e0 divers ateliers sur l\u2019intelligence artificielle et\/ou assister \u00e0 un colloque sur l\u2019intelligence artificielle la semaine du 12 f\u00e9vrier 2024.<br \/>\n<strong>-&gt; IA g\u00e9n\u00e9rative : <\/strong>Serena Villata &#8211; Directrice Scientifique Adjointe du 3IA C\u00f4te d&rsquo;Azur<br \/>\n<strong>-&gt; IA en Sant\u00e9 : <\/strong>St\u00e9phanie Lopez &#8211; PhD in computer sciences artificial intelligence in medical imaging<br \/>\n<strong>-&gt; Ethique et enjeux de l&rsquo;IA : <\/strong>Marina Teller &#8211; Directrice de la Chaire 3IA C\u00f4te d&rsquo;Azur \u00ab Droit &amp; IA \u00bb<\/p>\n<p>Durant la semaine de la science, une animation math\u00e9matico-hollywoodienne a \u00e9t\u00e9 propos\u00e9e sur le th\u00e8me : \u00ab L\u2019arithm\u00e9tique dans la filmographie de Bruce Willis \u00bb. Enigme des bidons et travail sur les entiers 3a + 5b ( ou 2x + 6y&#8230; ).<br \/>\nPour revivre ce petit moment l\u00e9gendaire, la vid\u00e9o est ici : <a href=\"https:\/\/ladigitale.dev\/digiview\/#\/v\/665dcd6495905\" target=\"_blank\" rel=\"noopener\">https:\/\/ladigitale.dev\/digiview\/#\/v\/665dcd6495905<\/a><br \/>\n[\/et_pb_text][\/et_pb_column][\/et_pb_row][et_pb_row _builder_version=\u00a0\u00bb4.10.7&Prime; _module_preset=\u00a0\u00bbdefault\u00a0\u00bb global_colors_info=\u00a0\u00bb{}\u00a0\u00bb][et_pb_column type=\u00a0\u00bb4_4&Prime; _builder_version=\u00a0\u00bb4.10.7&Prime; _module_preset=\u00a0\u00bbdefault\u00a0\u00bb global_colors_info=\u00a0\u00bb{}\u00a0\u00bb][et_pb_text _builder_version=\u00a0\u00bb4.10.7&Prime; _module_preset=\u00a0\u00bbdefault\u00a0\u00bb global_colors_info=\u00a0\u00bb{}\u00a0\u00bb]<span style=\"color: #000080;\"><strong><span style=\"font-size: 14pt;\">Lyc\u00e9e Simone Veil, Valbonne<\/span><\/strong><\/span><br \/>\n[\/et_pb_text][\/et_pb_column][\/et_pb_row][et_pb_row column_structure=\u00a0\u00bb2_5,3_5&Prime; _builder_version=\u00a0\u00bb4.10.7&Prime; _module_preset=\u00a0\u00bbdefault\u00a0\u00bb global_colors_info=\u00a0\u00bb{}\u00a0\u00bb][et_pb_column type=\u00a0\u00bb2_5&Prime; _builder_version=\u00a0\u00bb4.10.7&Prime; _module_preset=\u00a0\u00bbdefault\u00a0\u00bb global_colors_info=\u00a0\u00bb{}\u00a0\u00bb][et_pb_image src=\u00a0\u00bbhttps:\/\/www.pedagogie.ac-nice.fr\/mathematiques\/wp-content\/uploads\/sites\/30\/2024\/06\/actu_trimestre3_labo6.jpg\u00a0\u00bb title_text=\u00a0\u00bbactu_trimestre3_labo6&Prime; _builder_version=\u00a0\u00bb4.10.7&Prime; _module_preset=\u00a0\u00bbdefault\u00a0\u00bb global_colors_info=\u00a0\u00bb{}\u00a0\u00bb][\/et_pb_image][\/et_pb_column][et_pb_column type=\u00a0\u00bb3_5&Prime; _builder_version=\u00a0\u00bb4.10.7&Prime; _module_preset=\u00a0\u00bbdefault\u00a0\u00bb global_colors_info=\u00a0\u00bb{}\u00a0\u00bb][et_pb_text _builder_version=\u00a0\u00bb4.10.7&Prime; _module_preset=\u00a0\u00bbdefault\u00a0\u00bb custom_margin=\u00a0\u00bb30px||30px||true|false\u00a0\u00bb global_colors_info=\u00a0\u00bb{}\u00a0\u00bb]<\/p>\n<p>Fin des journ\u00e9es de formation inter degr\u00e9s \u00e9coles-coll\u00e8ges et coll\u00e8ges-lyc\u00e9es sur les th\u00e8mes Manipuler-Verbaliser-Abstraire pour les uns et liaison scratch\/python pour les autres. Des retours d\u2019exp\u00e9riences et des \u00e9changes entre pairs toujours tr\u00e8s riches et un recueil d\u2019activit\u00e9s, disponible sur le site web, en perspective.<\/p>\n<p>[\/et_pb_text][\/et_pb_column][\/et_pb_row][et_pb_row _builder_version=\u00a0\u00bb4.10.7&Prime; _module_preset=\u00a0\u00bbdefault\u00a0\u00bb global_colors_info=\u00a0\u00bb{}\u00a0\u00bb][et_pb_column type=\u00a0\u00bb4_4&Prime; _builder_version=\u00a0\u00bb4.10.7&Prime; _module_preset=\u00a0\u00bbdefault\u00a0\u00bb global_colors_info=\u00a0\u00bb{}\u00a0\u00bb][et_pb_text _builder_version=\u00a0\u00bb4.10.7&Prime; _module_preset=\u00a0\u00bbdefault\u00a0\u00bb global_colors_info=\u00a0\u00bb{}\u00a0\u00bb]<strong><span style=\"font-size: 14pt; color: #000080;\">Lyc\u00e9e Dumont D\u2019Urville, Toulon<\/span><\/strong><br \/>\nUne r\u00e9union inter-degr\u00e9 coll\u00e8ges-lyc\u00e9e pour r\u00e9activer les liens et travailler sur un cahier d\u2019exercices \u00e0 destination des \u00e9l\u00e8ves de 3e et r\u00e9fl\u00e9chir sur des projets communs pour l\u2019an prochain. Une belle conf\u00e9rence pr\u00e9vue le 31 mai a malheureusement due \u00eatre annul\u00e9e mais sera report\u00e9e \u00e0 l\u2019an prochain.<br \/>\n[\/et_pb_text][\/et_pb_column][\/et_pb_row][et_pb_row _builder_version=\u00a0\u00bb4.10.7&Prime; _module_preset=\u00a0\u00bbdefault\u00a0\u00bb global_colors_info=\u00a0\u00bb{}\u00a0\u00bb][et_pb_column type=\u00a0\u00bb4_4&Prime; _builder_version=\u00a0\u00bb4.10.7&Prime; _module_preset=\u00a0\u00bbdefault\u00a0\u00bb global_colors_info=\u00a0\u00bb{}\u00a0\u00bb][et_pb_text _builder_version=\u00a0\u00bb4.10.7&Prime; _module_preset=\u00a0\u00bbdefault\u00a0\u00bb global_colors_info=\u00a0\u00bb{}\u00a0\u00bb]<span style=\"color: #000080;\"><strong><span style=\"font-size: 14pt;\">Coll\u00e8ge Joseph d\u2019Arbaud, Barjols<\/span><\/strong><\/span><br \/>\nUne tr\u00e8s belle semaine des math\u00e9matiques autour de l\u2019olympisme, concours kangourou et laision \u00e9cole-coll\u00e8ge avec construction g\u00e9ante d\u2019anneaux olympiques (voir article d\u00e9taill\u00e9 <a href=\"https:\/\/www.pedagogie.ac-nice.fr\/mathematiques\/labo2maths-barjols-semainedes-\" target=\"_blank\" rel=\"noopener\">https:\/\/www.pedagogie.ac-nice.fr\/mathematiques\/labo2maths-barjols-semainedes-<\/a><br \/>\nmathematiques-2024\/)<br \/>\n[\/et_pb_text][\/et_pb_column][\/et_pb_row][et_pb_row column_structure=\u00a0\u00bb1_3,1_3,1_3&Prime; _builder_version=\u00a0\u00bb4.10.7&Prime; _module_preset=\u00a0\u00bbdefault\u00a0\u00bb global_colors_info=\u00a0\u00bb{}\u00a0\u00bb][et_pb_column type=\u00a0\u00bb1_3&Prime; _builder_version=\u00a0\u00bb4.10.7&Prime; _module_preset=\u00a0\u00bbdefault\u00a0\u00bb global_colors_info=\u00a0\u00bb{}\u00a0\u00bb][et_pb_image src=\u00a0\u00bbhttps:\/\/www.pedagogie.ac-nice.fr\/mathematiques\/wp-content\/uploads\/sites\/30\/2024\/06\/bilan_semaine-maths-2024_barjols12.jpg\u00a0\u00bb title_text=\u00a0\u00bbbilan_semaine maths 2024_barjols12&Prime; _builder_version=\u00a0\u00bb4.10.7&Prime; _module_preset=\u00a0\u00bbdefault\u00a0\u00bb global_colors_info=\u00a0\u00bb{}\u00a0\u00bb][\/et_pb_image][\/et_pb_column][et_pb_column type=\u00a0\u00bb1_3&Prime; _builder_version=\u00a0\u00bb4.10.7&Prime; _module_preset=\u00a0\u00bbdefault\u00a0\u00bb global_colors_info=\u00a0\u00bb{}\u00a0\u00bb][et_pb_image src=\u00a0\u00bbhttps:\/\/www.pedagogie.ac-nice.fr\/mathematiques\/wp-content\/uploads\/sites\/30\/2024\/06\/bilan_semaine-maths-2024_barjols15.jpg\u00a0\u00bb title_text=\u00a0\u00bbbilan_semaine maths 2024_barjols15&Prime; _builder_version=\u00a0\u00bb4.10.7&Prime; _module_preset=\u00a0\u00bbdefault\u00a0\u00bb global_colors_info=\u00a0\u00bb{}\u00a0\u00bb][\/et_pb_image][\/et_pb_column][et_pb_column type=\u00a0\u00bb1_3&Prime; _builder_version=\u00a0\u00bb4.10.7&Prime; _module_preset=\u00a0\u00bbdefault\u00a0\u00bb global_colors_info=\u00a0\u00bb{}\u00a0\u00bb][et_pb_image src=\u00a0\u00bbhttps:\/\/www.pedagogie.ac-nice.fr\/mathematiques\/wp-content\/uploads\/sites\/30\/2024\/06\/bilan_semaine-maths-2024_barjols13.jpg\u00a0\u00bb title_text=\u00a0\u00bbbilan_semaine maths 2024_barjols13&Prime; _builder_version=\u00a0\u00bb4.10.7&Prime; _module_preset=\u00a0\u00bbdefault\u00a0\u00bb global_colors_info=\u00a0\u00bb{}\u00a0\u00bb][\/et_pb_image][\/et_pb_column][\/et_pb_row][et_pb_row _builder_version=\u00a0\u00bb4.10.7&Prime; _module_preset=\u00a0\u00bbdefault\u00a0\u00bb global_colors_info=\u00a0\u00bb{}\u00a0\u00bb][et_pb_column type=\u00a0\u00bb4_4&Prime; _builder_version=\u00a0\u00bb4.10.7&Prime; _module_preset=\u00a0\u00bbdefault\u00a0\u00bb global_colors_info=\u00a0\u00bb{}\u00a0\u00bb][et_pb_text _builder_version=\u00a0\u00bb4.10.7&Prime; _module_preset=\u00a0\u00bbdefault\u00a0\u00bb global_colors_info=\u00a0\u00bb{}\u00a0\u00bb]<strong><span style=\"font-size: 14pt; color: #000080;\">Coll\u00e8ge Emile Roux, Le Cannet<\/span><\/strong><br \/>\nPoursuite et fin des demi-journ\u00e9es de formation inter-degr\u00e9 sur le triptyque Manipuler-Verbaliser-Abstraire. De beaux \u00e9changes et des retours d\u2019exp\u00e9riences fructueux.<br \/>\n[\/et_pb_text][\/et_pb_column][\/et_pb_row][et_pb_row _builder_version=\u00a0\u00bb4.10.7&Prime; _module_preset=\u00a0\u00bbdefault\u00a0\u00bb global_colors_info=\u00a0\u00bb{}\u00a0\u00bb][et_pb_column type=\u00a0\u00bb4_4&Prime; _builder_version=\u00a0\u00bb4.10.7&Prime; _module_preset=\u00a0\u00bbdefault\u00a0\u00bb global_colors_info=\u00a0\u00bb{}\u00a0\u00bb][et_pb_text _builder_version=\u00a0\u00bb4.10.7&Prime; _module_preset=\u00a0\u00bbdefault\u00a0\u00bb global_colors_info=\u00a0\u00bb{}\u00a0\u00bb]<span style=\"font-size: 14pt; color: #000080;\"><strong>Coll\u00e8ge Beltrame, P\u00e9gomas<\/strong><\/span><br \/>\nLe labomaths a accueilli de nombreuses formations cette ann\u00e9e auxquelles les membres ont peu parfois particip\u00e9: formation EAFC autour de l\u2019histoire des maths, formation des N\u00e9o-RMC.<br \/>\nUne r\u00e9union des professeurs de math\u00e9matiques du r\u00e9seau a permis la conception d\u2019un sujet de type course aux nombres pour les \u00e9l\u00e8ves de secondes et de 3e dans le cadre de la semaine des maths (une dizaine de classes participantes). Un escape game pour les \u00e9l\u00e8ves de 4e et de 3e a \u00e9galement \u00e9t\u00e9 propos\u00e9 et a rencontr\u00e9 un franc succ\u00e8s et un beau reportage de France 3 C\u00f4te d\u2019Azur !!<br \/>\n[\/et_pb_text][\/et_pb_column][\/et_pb_row][et_pb_row column_structure=\u00a0\u00bb1_3,1_3,1_3&Prime; _builder_version=\u00a0\u00bb4.10.7&Prime; _module_preset=\u00a0\u00bbdefault\u00a0\u00bb global_colors_info=\u00a0\u00bb{}\u00a0\u00bb][et_pb_column type=\u00a0\u00bb1_3&Prime; _builder_version=\u00a0\u00bb4.10.7&Prime; _module_preset=\u00a0\u00bbdefault\u00a0\u00bb global_colors_info=\u00a0\u00bb{}\u00a0\u00bb][et_pb_image src=\u00a0\u00bbhttps:\/\/www.pedagogie.ac-nice.fr\/mathematiques\/wp-content\/uploads\/sites\/30\/2024\/06\/actu_trimestre3_labo8.jpg\u00a0\u00bb title_text=\u00a0\u00bbactu_trimestre3_labo8&Prime; _builder_version=\u00a0\u00bb4.10.7&Prime; _module_preset=\u00a0\u00bbdefault\u00a0\u00bb global_colors_info=\u00a0\u00bb{}\u00a0\u00bb][\/et_pb_image][\/et_pb_column][et_pb_column type=\u00a0\u00bb1_3&Prime; _builder_version=\u00a0\u00bb4.10.7&Prime; _module_preset=\u00a0\u00bbdefault\u00a0\u00bb global_colors_info=\u00a0\u00bb{}\u00a0\u00bb][et_pb_image src=\u00a0\u00bbhttps:\/\/www.pedagogie.ac-nice.fr\/mathematiques\/wp-content\/uploads\/sites\/30\/2024\/06\/actu_trimestre3_labo9.jpg\u00a0\u00bb title_text=\u00a0\u00bbactu_trimestre3_labo9&Prime; _builder_version=\u00a0\u00bb4.10.7&Prime; _module_preset=\u00a0\u00bbdefault\u00a0\u00bb global_colors_info=\u00a0\u00bb{}\u00a0\u00bb][\/et_pb_image][\/et_pb_column][et_pb_column type=\u00a0\u00bb1_3&Prime; _builder_version=\u00a0\u00bb4.10.7&Prime; _module_preset=\u00a0\u00bbdefault\u00a0\u00bb global_colors_info=\u00a0\u00bb{}\u00a0\u00bb][et_pb_image src=\u00a0\u00bbhttps:\/\/www.pedagogie.ac-nice.fr\/mathematiques\/wp-content\/uploads\/sites\/30\/2024\/06\/actu_trimestre3_labo10.jpg\u00a0\u00bb title_text=\u00a0\u00bbactu_trimestre3_labo10&Prime; _builder_version=\u00a0\u00bb4.10.7&Prime; _module_preset=\u00a0\u00bbdefault\u00a0\u00bb global_colors_info=\u00a0\u00bb{}\u00a0\u00bb][\/et_pb_image][\/et_pb_column][\/et_pb_row][et_pb_row _builder_version=\u00a0\u00bb4.10.7&Prime; _module_preset=\u00a0\u00bbdefault\u00a0\u00bb global_colors_info=\u00a0\u00bb{}\u00a0\u00bb][et_pb_column type=\u00a0\u00bb4_4&Prime; _builder_version=\u00a0\u00bb4.10.7&Prime; _module_preset=\u00a0\u00bbdefault\u00a0\u00bb global_colors_info=\u00a0\u00bb{}\u00a0\u00bb][et_pb_text _builder_version=\u00a0\u00bb4.10.7&Prime; _module_preset=\u00a0\u00bbdefault\u00a0\u00bb global_colors_info=\u00a0\u00bb{}\u00a0\u00bb]<span style=\"color: #000080;\"><strong><span style=\"font-size: 14pt;\">CIV, Valbonne<\/span><\/strong><\/span><br \/>\nUne journ\u00e9e tourn\u00e9e autour de l<strong>\u2019\u00e9ducation \u00e0 la finance<\/strong> (EDUCFI voir article d\u00e9taill\u00e9 <a href=\"https:\/\/www.pedagogie.ac-nice.fr\/mathematiques\/maths-et-financelabomaths-du-civ\/\" target=\"_blank\" rel=\"noopener\">https:\/\/www.pedagogie.ac-nice.fr\/mathematiques\/maths-et-financelabomaths-du-civ\/<\/a>) et toujours <strong>le concours de calcul mental<\/strong> organis\u00e9 pour tous les \u00e9l\u00e8ves du r\u00e9seau volontaires. Cette ann\u00e9e, 6 \u00e9tablissements du r\u00e9seau ont particip\u00e9 : Roustan, La Fontonne, Niki de Saint Phalle, C\u00e9sar, Sidney Bechet, CoIV. 12 \u00e9l\u00e8ves avaient \u00e9t\u00e9 selectionn\u00e9s par chacun des \u00e9tablissements.<br \/>\nUne belle journ\u00e9e et de belles r\u00e9compenses !<br \/>\n[\/et_pb_text][\/et_pb_column][\/et_pb_row][et_pb_row column_structure=\u00a0\u00bb1_4,1_4,1_4,1_4&Prime; _builder_version=\u00a0\u00bb4.10.7&Prime; _module_preset=\u00a0\u00bbdefault\u00a0\u00bb global_colors_info=\u00a0\u00bb{}\u00a0\u00bb][et_pb_column type=\u00a0\u00bb1_4&Prime; _builder_version=\u00a0\u00bb4.10.7&Prime; _module_preset=\u00a0\u00bbdefault\u00a0\u00bb global_colors_info=\u00a0\u00bb{}\u00a0\u00bb][et_pb_image src=\u00a0\u00bbhttps:\/\/www.pedagogie.ac-nice.fr\/mathematiques\/wp-content\/uploads\/sites\/30\/2024\/06\/IMG_6189.jpg\u00a0\u00bb title_text=\u00a0\u00bbIMG_6189&Prime; _builder_version=\u00a0\u00bb4.10.7&Prime; _module_preset=\u00a0\u00bbdefault\u00a0\u00bb global_colors_info=\u00a0\u00bb{}\u00a0\u00bb][\/et_pb_image][\/et_pb_column][et_pb_column type=\u00a0\u00bb1_4&Prime; _builder_version=\u00a0\u00bb4.10.7&Prime; _module_preset=\u00a0\u00bbdefault\u00a0\u00bb global_colors_info=\u00a0\u00bb{}\u00a0\u00bb][et_pb_image src=\u00a0\u00bbhttps:\/\/www.pedagogie.ac-nice.fr\/mathematiques\/wp-content\/uploads\/sites\/30\/2024\/06\/IMG_6205.jpg\u00a0\u00bb title_text=\u00a0\u00bbIMG_6205&Prime; _builder_version=\u00a0\u00bb4.10.7&Prime; _module_preset=\u00a0\u00bbdefault\u00a0\u00bb global_colors_info=\u00a0\u00bb{}\u00a0\u00bb][\/et_pb_image][\/et_pb_column][et_pb_column type=\u00a0\u00bb1_4&Prime; _builder_version=\u00a0\u00bb4.10.7&Prime; _module_preset=\u00a0\u00bbdefault\u00a0\u00bb global_colors_info=\u00a0\u00bb{}\u00a0\u00bb][et_pb_image src=\u00a0\u00bbhttps:\/\/www.pedagogie.ac-nice.fr\/mathematiques\/wp-content\/uploads\/sites\/30\/2024\/06\/IMG_6201.jpg\u00a0\u00bb title_text=\u00a0\u00bbIMG_6201&Prime; _builder_version=\u00a0\u00bb4.10.7&Prime; _module_preset=\u00a0\u00bbdefault\u00a0\u00bb global_colors_info=\u00a0\u00bb{}\u00a0\u00bb][\/et_pb_image][\/et_pb_column][et_pb_column type=\u00a0\u00bb1_4&Prime; _builder_version=\u00a0\u00bb4.10.7&Prime; _module_preset=\u00a0\u00bbdefault\u00a0\u00bb global_colors_info=\u00a0\u00bb{}\u00a0\u00bb][et_pb_image src=\u00a0\u00bbhttps:\/\/www.pedagogie.ac-nice.fr\/mathematiques\/wp-content\/uploads\/sites\/30\/2024\/06\/IMG_6199.jpg\u00a0\u00bb title_text=\u00a0\u00bbIMG_6199&Prime; _builder_version=\u00a0\u00bb4.10.7&Prime; _module_preset=\u00a0\u00bbdefault\u00a0\u00bb global_colors_info=\u00a0\u00bb{}\u00a0\u00bb][\/et_pb_image][\/et_pb_column][\/et_pb_row][et_pb_row _builder_version=\u00a0\u00bb4.10.7&Prime; _module_preset=\u00a0\u00bbdefault\u00a0\u00bb global_colors_info=\u00a0\u00bb{}\u00a0\u00bb][et_pb_column type=\u00a0\u00bb4_4&Prime; _builder_version=\u00a0\u00bb4.10.7&Prime; _module_preset=\u00a0\u00bbdefault\u00a0\u00bb global_colors_info=\u00a0\u00bb{}\u00a0\u00bb][et_pb_image src=\u00a0\u00bbhttps:\/\/www.pedagogie.ac-nice.fr\/mathematiques\/wp-content\/uploads\/sites\/30\/2024\/06\/actu_trimestre3_labo11.jpg\u00a0\u00bb title_text=\u00a0\u00bbactu_trimestre3_labo11&Prime; align=\u00a0\u00bbcenter\u00a0\u00bb _builder_version=\u00a0\u00bb4.10.7&Prime; _module_preset=\u00a0\u00bbdefault\u00a0\u00bb width=\u00a0\u00bb61%\u00a0\u00bb global_colors_info=\u00a0\u00bb{}\u00a0\u00bb][\/et_pb_image][\/et_pb_column][\/et_pb_row][et_pb_row column_structure=\u00a0\u00bb2_5,3_5&Prime; _builder_version=\u00a0\u00bb4.10.7&Prime; _module_preset=\u00a0\u00bbdefault\u00a0\u00bb global_colors_info=\u00a0\u00bb{}\u00a0\u00bb][et_pb_column type=\u00a0\u00bb2_5&Prime; _builder_version=\u00a0\u00bb4.10.7&Prime; _module_preset=\u00a0\u00bbdefault\u00a0\u00bb global_colors_info=\u00a0\u00bb{}\u00a0\u00bb][et_pb_image src=\u00a0\u00bbhttps:\/\/www.pedagogie.ac-nice.fr\/mathematiques\/wp-content\/uploads\/sites\/30\/2024\/06\/actu_trimestre3_labo12.jpg\u00a0\u00bb title_text=\u00a0\u00bbactu_trimestre3_labo12&Prime; _builder_version=\u00a0\u00bb4.10.7&Prime; _module_preset=\u00a0\u00bbdefault\u00a0\u00bb global_colors_info=\u00a0\u00bb{}\u00a0\u00bb][\/et_pb_image][\/et_pb_column][et_pb_column type=\u00a0\u00bb3_5&Prime; _builder_version=\u00a0\u00bb4.10.7&Prime; _module_preset=\u00a0\u00bbdefault\u00a0\u00bb global_colors_info=\u00a0\u00bb{}\u00a0\u00bb][et_pb_text _builder_version=\u00a0\u00bb4.10.7&Prime; _module_preset=\u00a0\u00bbdefault\u00a0\u00bb custom_margin=\u00a0\u00bb50px||50px||true|false\u00a0\u00bb global_colors_info=\u00a0\u00bb{}\u00a0\u00bb]<\/p>\n<p>Le labomaths s\u2019est \u00e9galement occup\u00e9 de l\u2019accueil de la Compagnie des Ondes qui a propos\u00e9 \u00e0 plus de 400 \u00e9l\u00e8ves la pi\u00e8ce de th\u00e9atre \u00ab les Nobelles \u00bb. Un bel \u00e9v\u00e8nement qui a permis de sensibiliser \u00e9l\u00e8ves et enseignants \u00e0 la sous repr\u00e9sentation des femmes en Sciences.<\/p>\n<p>[\/et_pb_text][\/et_pb_column][\/et_pb_row][et_pb_row _builder_version=\u00a0\u00bb4.10.7&Prime; _module_preset=\u00a0\u00bbdefault\u00a0\u00bb global_colors_info=\u00a0\u00bb{}\u00a0\u00bb][et_pb_column type=\u00a0\u00bb4_4&Prime; _builder_version=\u00a0\u00bb4.10.7&Prime; _module_preset=\u00a0\u00bbdefault\u00a0\u00bb global_colors_info=\u00a0\u00bb{}\u00a0\u00bb][et_pb_text _builder_version=\u00a0\u00bb4.10.7&Prime; _module_preset=\u00a0\u00bbdefault\u00a0\u00bb global_colors_info=\u00a0\u00bb{}\u00a0\u00bb]<\/p>\n<p><span style=\"color: #000080;\"><strong><span style=\"font-size: 14pt;\">Coll\u00e8ge Joseph Pagnol, Saint Laurent du Var<\/span><\/strong><\/span><br \/>Des actions autour des abaques de calculs men\u00e9s dans la liaison \u00e9cole-coll\u00e8ge classe ulis. Des \u00e9l\u00e8ves ont cr\u00e9e des abaques et des jeux pour les autres. A poursuivre l\u2019an prochain.<\/p>\n<p>[\/et_pb_text][\/et_pb_column][\/et_pb_row][et_pb_row _builder_version=\u00a0\u00bb4.10.7&Prime; _module_preset=\u00a0\u00bbdefault\u00a0\u00bb global_colors_info=\u00a0\u00bb{}\u00a0\u00bb][et_pb_column type=\u00a0\u00bb4_4&Prime; _builder_version=\u00a0\u00bb4.10.7&Prime; _module_preset=\u00a0\u00bbdefault\u00a0\u00bb global_colors_info=\u00a0\u00bb{}\u00a0\u00bb][et_pb_text _builder_version=\u00a0\u00bb4.10.7&Prime; _module_preset=\u00a0\u00bbdefault\u00a0\u00bb global_colors_info=\u00a0\u00bb{}\u00a0\u00bb]<\/p>\n<p><strong><span style=\"font-size: 14pt; color: #000080;\">Coll\u00e8ge C\u00e9sar, Roquefort les Pins<\/span><\/strong><br \/>Encadrement des \u00e9l\u00e8ves :<br \/>Deux s\u00e9ances sont propos\u00e9es par semaine le mardi et le jeudi \u00e0 la pause m\u00e9ridienne, avec un ou deux encadrants (suivant disponibilit\u00e9s) et 25 \u00e0 35 \u00e9l\u00e8ves pr\u00e9sents.<br \/>\u2022 Club programmation<br \/>\u2022 Club bridge (tous les jeudis de 12h \u00e0 13h)<br \/>\u2022 Club maths<br \/>\u2022 BAR \u00e0 Maths<br \/>\u00c9changes avec les \u00e9l\u00e8ves, conception de jeux sous scratch et jeux en tout genre (\u00e9chec, turing tumble, go, Mathador, Katamino, Qwirkle&#8230;)<\/p>\n<p>[\/et_pb_text][et_pb_image src=\u00a0\u00bbhttps:\/\/www.pedagogie.ac-nice.fr\/mathematiques\/wp-content\/uploads\/sites\/30\/2024\/06\/actu_trimestre3_labo13.jpg\u00a0\u00bb title_text=\u00a0\u00bbactu_trimestre3_labo13&Prime; align=\u00a0\u00bbcenter\u00a0\u00bb _builder_version=\u00a0\u00bb4.10.7&Prime; _module_preset=\u00a0\u00bbdefault\u00a0\u00bb width=\u00a0\u00bb80%\u00a0\u00bb border_width_all=\u00a0\u00bb1px\u00a0\u00bb global_colors_info=\u00a0\u00bb{}\u00a0\u00bb][\/et_pb_image][\/et_pb_column][\/et_pb_row][et_pb_row column_structure=\u00a0\u00bb2_5,3_5&Prime; _builder_version=\u00a0\u00bb4.10.7&Prime; _module_preset=\u00a0\u00bbdefault\u00a0\u00bb global_colors_info=\u00a0\u00bb{}\u00a0\u00bb][et_pb_column type=\u00a0\u00bb2_5&Prime; _builder_version=\u00a0\u00bb4.10.7&Prime; _module_preset=\u00a0\u00bbdefault\u00a0\u00bb global_colors_info=\u00a0\u00bb{}\u00a0\u00bb][et_pb_text _builder_version=\u00a0\u00bb4.10.7&Prime; _module_preset=\u00a0\u00bbdefault\u00a0\u00bb custom_margin=\u00a0\u00bb60px||60px||true|false\u00a0\u00bb global_colors_info=\u00a0\u00bb{}\u00a0\u00bb]<\/p>\n<p>Un escape game con\u00e7u par les \u00e9l\u00e8ves, une frise sur Pi avec des nombres \u00ab triangul\u00e9s \u00bb, conception de jeux de plateau qui feront l\u2019objet de sujets d\u2019oraux pour l\u2019oral du DNB l\u2019an prochain.<\/p>\n<p>[\/et_pb_text][\/et_pb_column][et_pb_column type=\u00a0\u00bb3_5&Prime; _builder_version=\u00a0\u00bb4.10.7&Prime; _module_preset=\u00a0\u00bbdefault\u00a0\u00bb global_colors_info=\u00a0\u00bb{}\u00a0\u00bb][et_pb_image src=\u00a0\u00bbhttps:\/\/www.pedagogie.ac-nice.fr\/mathematiques\/wp-content\/uploads\/sites\/30\/2024\/06\/actu_trimestre3_labo14.jpg\u00a0\u00bb title_text=\u00a0\u00bbactu_trimestre3_labo14&Prime; _builder_version=\u00a0\u00bb4.10.7&Prime; _module_preset=\u00a0\u00bbdefault\u00a0\u00bb global_colors_info=\u00a0\u00bb{}\u00a0\u00bb][\/et_pb_image][\/et_pb_column][\/et_pb_row][et_pb_row _builder_version=\u00a0\u00bb4.10.7&Prime; _module_preset=\u00a0\u00bbdefault\u00a0\u00bb global_colors_info=\u00a0\u00bb{}\u00a0\u00bb][et_pb_column type=\u00a0\u00bb4_4&Prime; _builder_version=\u00a0\u00bb4.10.7&Prime; _module_preset=\u00a0\u00bbdefault\u00a0\u00bb global_colors_info=\u00a0\u00bb{}\u00a0\u00bb][et_pb_text _builder_version=\u00a0\u00bb4.10.7&Prime; _module_preset=\u00a0\u00bbdefault\u00a0\u00bb global_colors_info=\u00a0\u00bb{}\u00a0\u00bb]<\/p>\n<p>On notera \u00e9galement la participation aux finales de certains \u00e9l\u00e8ves participants au club de bridge ainsi qu\u2019\u00e0 un niveau plus local la participation au concours de calcul mental organis\u00e9 par le CIV.<\/p>\n<p>[\/et_pb_text][et_pb_image src=\u00a0\u00bbhttps:\/\/www.pedagogie.ac-nice.fr\/mathematiques\/wp-content\/uploads\/sites\/30\/2024\/06\/actu_trimestre3_labo15.jpg\u00a0\u00bb title_text=\u00a0\u00bbactu_trimestre3_labo15&Prime; align=\u00a0\u00bbcenter\u00a0\u00bb _builder_version=\u00a0\u00bb4.10.7&Prime; _module_preset=\u00a0\u00bbdefault\u00a0\u00bb width=\u00a0\u00bb40%\u00a0\u00bb global_colors_info=\u00a0\u00bb{}\u00a0\u00bb][\/et_pb_image][et_pb_text _builder_version=\u00a0\u00bb4.10.7&Prime; _module_preset=\u00a0\u00bbdefault\u00a0\u00bb global_colors_info=\u00a0\u00bb{}\u00a0\u00bb]<\/p>\n<p>Des formations se sont \u00e9galement tenues sur les m\u00e9thodes d\u2019apprentissages. A destination des enseignants mais \u00e9galement des \u00e9l\u00e8ves, elles ont rencontr\u00e9 un vif succ\u00e8s et ont permis de mieux comprendre comment on apprend !<\/p>\n<p>[\/et_pb_text][\/et_pb_column][\/et_pb_row][et_pb_row _builder_version=\u00a0\u00bb4.10.7&Prime; _module_preset=\u00a0\u00bbdefault\u00a0\u00bb global_colors_info=\u00a0\u00bb{}\u00a0\u00bb][et_pb_column type=\u00a0\u00bb4_4&Prime; _builder_version=\u00a0\u00bb4.10.7&Prime; _module_preset=\u00a0\u00bbdefault\u00a0\u00bb global_colors_info=\u00a0\u00bb{}\u00a0\u00bb][et_pb_text _builder_version=\u00a0\u00bb4.10.7&Prime; _module_preset=\u00a0\u00bbdefault\u00a0\u00bb global_colors_info=\u00a0\u00bb{}\u00a0\u00bb]<\/p>\n<p><span style=\"color: #000080;\"><strong><span style=\"font-size: 14pt;\">Lyc\u00e9e Raynouard, Brignoles<\/span><\/strong><\/span><\/p>\n<p>[\/et_pb_text][\/et_pb_column][\/et_pb_row][et_pb_row column_structure=\u00a0\u00bb1_2,1_2&Prime; _builder_version=\u00a0\u00bb4.10.7&Prime; _module_preset=\u00a0\u00bbdefault\u00a0\u00bb global_colors_info=\u00a0\u00bb{}\u00a0\u00bb][et_pb_column type=\u00a0\u00bb1_2&Prime; _builder_version=\u00a0\u00bb4.10.7&Prime; _module_preset=\u00a0\u00bbdefault\u00a0\u00bb global_colors_info=\u00a0\u00bb{}\u00a0\u00bb][et_pb_text _builder_version=\u00a0\u00bb4.10.7&Prime; _module_preset=\u00a0\u00bbdefault\u00a0\u00bb custom_margin=\u00a0\u00bb30px||30px||true|false\u00a0\u00bb global_colors_info=\u00a0\u00bb{}\u00a0\u00bb]<\/p>\n<p>Une belle initiative pour les \u00e9l\u00e8ves de 2nde et l\u2019\u00e9laboration de contes scientifiques : projet pluridisciplinaire (math, sciences physiques, fran\u00e7ais, CDI) qui a permis d\u2019utiliser l\u2019\u00e9criture, l\u2019IA g\u00e9n\u00e9rative (pour la partie illustration des livrets), l\u2019oral (pour les podcasts).<br \/>Organisation de l\u2019accueil de la compagnie L\u2019\u00eele logique pour un spectacle autour de Pi qui a permis \u00e0 plus de 450 \u00e9l\u00e8ves et leurs enseignants de d\u00e9couvrir les math\u00e9matiques au travers d\u2019un spectacle.<\/p>\n<p>[\/et_pb_text][\/et_pb_column][et_pb_column type=\u00a0\u00bb1_2&Prime; _builder_version=\u00a0\u00bb4.10.7&Prime; _module_preset=\u00a0\u00bbdefault\u00a0\u00bb global_colors_info=\u00a0\u00bb{}\u00a0\u00bb][et_pb_image src=\u00a0\u00bbhttps:\/\/www.pedagogie.ac-nice.fr\/mathematiques\/wp-content\/uploads\/sites\/30\/2024\/06\/actu_trimestre3_labo16.jpg\u00a0\u00bb title_text=\u00a0\u00bbactu_trimestre3_labo16&Prime; _builder_version=\u00a0\u00bb4.10.7&Prime; _module_preset=\u00a0\u00bbdefault\u00a0\u00bb max_width=\u00a0\u00bb90%\u00a0\u00bb global_colors_info=\u00a0\u00bb{}\u00a0\u00bb][\/et_pb_image][\/et_pb_column][\/et_pb_row][et_pb_row column_structure=\u00a0\u00bb3_5,2_5&Prime; _builder_version=\u00a0\u00bb4.10.7&Prime; _module_preset=\u00a0\u00bbdefault\u00a0\u00bb global_colors_info=\u00a0\u00bb{}\u00a0\u00bb][et_pb_column type=\u00a0\u00bb3_5&Prime; _builder_version=\u00a0\u00bb4.10.7&Prime; _module_preset=\u00a0\u00bbdefault\u00a0\u00bb global_colors_info=\u00a0\u00bb{}\u00a0\u00bb][et_pb_image src=\u00a0\u00bbhttps:\/\/www.pedagogie.ac-nice.fr\/mathematiques\/wp-content\/uploads\/sites\/30\/2024\/06\/actu_trimestre3_labo17.jpg\u00a0\u00bb title_text=\u00a0\u00bbactu_trimestre3_labo17&Prime; _builder_version=\u00a0\u00bb4.10.7&Prime; _module_preset=\u00a0\u00bbdefault\u00a0\u00bb global_colors_info=\u00a0\u00bb{}\u00a0\u00bb][\/et_pb_image][\/et_pb_column][et_pb_column type=\u00a0\u00bb2_5&Prime; _builder_version=\u00a0\u00bb4.10.7&Prime; _module_preset=\u00a0\u00bbdefault\u00a0\u00bb global_colors_info=\u00a0\u00bb{}\u00a0\u00bb][et_pb_text _builder_version=\u00a0\u00bb4.10.7&Prime; _module_preset=\u00a0\u00bbdefault\u00a0\u00bb custom_margin=\u00a0\u00bb20px||20px||true|false\u00a0\u00bb global_colors_info=\u00a0\u00bb{}\u00a0\u00bb]<\/p>\n<p>Et toujours la Raynews qui permet aux parents, aux \u00e9l\u00e8ves, aux personnels ainsi qu\u2019aux \u00e9tablissements du r\u00e9seau (maternelles et primaires compris) de se tenir inform\u00e9s sur les projets en cours et \u00e0 venir dans l\u2019\u00e9tablissement.<\/p>\n<p>[\/et_pb_text][\/et_pb_column][\/et_pb_row][et_pb_row _builder_version=\u00a0\u00bb4.10.7&Prime; _module_preset=\u00a0\u00bbdefault\u00a0\u00bb global_colors_info=\u00a0\u00bb{}\u00a0\u00bb][et_pb_column type=\u00a0\u00bb4_4&Prime; _builder_version=\u00a0\u00bb4.10.7&Prime; _module_preset=\u00a0\u00bbdefault\u00a0\u00bb global_colors_info=\u00a0\u00bb{}\u00a0\u00bb][et_pb_text _builder_version=\u00a0\u00bb4.10.7&Prime; _module_preset=\u00a0\u00bbdefault\u00a0\u00bb global_colors_info=\u00a0\u00bb{}\u00a0\u00bb]<\/p>\n<p>Dans le cadre des cord\u00e9es de la r\u00e9ussite, un atelier MathsEnJeans a permis \u00e0 quelques \u00e9l\u00e8ves de d\u00e9couvrir le monde de la recherche et de travailler sur des sujets allant de la marche al\u00e9atoire \u00e0 la th\u00e9orie des jeux en passent par la mod\u00e9lisation des temp\u00e9ratures \u00e0 l\u2019int\u00e9rieur des satellites. Les \u00e9l\u00e8ves ont pu participer au congr\u00e8s qui a eu lieu \u00e0 Avignon.<br \/>Un rallye math\u00e9matique, la participation au concours europ\u00e9en de statistiques ainsi que la conception d\u2019un escape game par les \u00e9l\u00e8ves ont pu \u00eatre propos\u00e9s tout au long de l\u2019ann\u00e9e.<br \/>4 conf\u00e9rences ainsi que la conception d\u2019un cahier de vacances sous WIMS terminent les belles actions mises en place par le labomaths.<\/p>\n<p>[\/et_pb_text][\/et_pb_column][\/et_pb_row][et_pb_row _builder_version=\u00a0\u00bb4.10.7&Prime; _module_preset=\u00a0\u00bbdefault\u00a0\u00bb global_colors_info=\u00a0\u00bb{}\u00a0\u00bb][et_pb_column type=\u00a0\u00bb4_4&Prime; _builder_version=\u00a0\u00bb4.10.7&Prime; _module_preset=\u00a0\u00bbdefault\u00a0\u00bb global_colors_info=\u00a0\u00bb{}\u00a0\u00bb][et_pb_text _builder_version=\u00a0\u00bb4.10.7&Prime; _module_preset=\u00a0\u00bbdefault\u00a0\u00bb global_colors_info=\u00a0\u00bb{}\u00a0\u00bb]<\/p>\n<p><span style=\"font-size: 14pt; color: #000080;\"><strong>Coll\u00e8ge Simone Veil, Nice<\/strong><\/span><\/p>\n<p>[\/et_pb_text][\/et_pb_column][\/et_pb_row][et_pb_row column_structure=\u00a0\u00bb1_3,2_3&Prime; _builder_version=\u00a0\u00bb4.10.7&Prime; _module_preset=\u00a0\u00bbdefault\u00a0\u00bb global_colors_info=\u00a0\u00bb{}\u00a0\u00bb][et_pb_column type=\u00a0\u00bb1_3&Prime; _builder_version=\u00a0\u00bb4.10.7&Prime; _module_preset=\u00a0\u00bbdefault\u00a0\u00bb global_colors_info=\u00a0\u00bb{}\u00a0\u00bb][et_pb_image src=\u00a0\u00bbhttps:\/\/www.pedagogie.ac-nice.fr\/mathematiques\/wp-content\/uploads\/sites\/30\/2024\/06\/ajout_clgsimoneveil_actus_trimestre32.jpg\u00a0\u00bb title_text=\u00a0\u00bbajout_clgsimoneveil_actus_trimestre32&Prime; _builder_version=\u00a0\u00bb4.10.7&Prime; _module_preset=\u00a0\u00bbdefault\u00a0\u00bb global_colors_info=\u00a0\u00bb{}\u00a0\u00bb][\/et_pb_image][\/et_pb_column][et_pb_column type=\u00a0\u00bb2_3&Prime; _builder_version=\u00a0\u00bb4.10.7&Prime; _module_preset=\u00a0\u00bbdefault\u00a0\u00bb global_colors_info=\u00a0\u00bb{}\u00a0\u00bb][et_pb_text _builder_version=\u00a0\u00bb4.10.7&Prime; _module_preset=\u00a0\u00bbdefault\u00a0\u00bb hover_enabled=\u00a0\u00bb0&Prime; global_colors_info=\u00a0\u00bb{}\u00a0\u00bb custom_margin=\u00a0\u00bb-10px||||false|false\u00a0\u00bb sticky_enabled=\u00a0\u00bb0&Prime;]<\/p>\n<p>Dans le cadre du projet Notre \u00c9cole Faisons La Ensemble NEFLE, deux salles contigu\u00ebs (une salle de classe et une plus petite) ont \u00e9t\u00e9 am\u00e9nag\u00e9e et permettent d\u2019accueillir des classes enti\u00e8res et les \u00e9l\u00e8ves du club maths. Une imprimante couleur, une plastifieuse, une relieuse, une imprimante 3D ainsi que du mobilier (25 Tri Tables, 25 chaises \u00e0 roulettes et 4 armoires) permettent une nouvelle organisation spatiale de la classe devenue flexible. L&rsquo;objectif est de favoriser l&rsquo;apprentissage collaboratif, d&rsquo;encourager l&rsquo;autonomie des \u00e9l\u00e8ves et de s&rsquo;adapter aux diff\u00e9rents styles d&rsquo;apprentissage. De quoi donner des id\u00e9es pour d\u00e9poser des demandes de projets NEFLE !!<br \/>Pendant le dernier trimestre de l\u2019ann\u00e9e, les \u00e9l\u00e8ves ont pu utilis\u00e9 ce nouveau mat\u00e9riel lors des diff\u00e9rents projets du labomaths associ\u00e9 au club maths : lors de la liaison \u00e9cole-coll\u00e8ge, au cours de l\u2019intervention sur l\u2019IA de la MIA ainsi que pour le concours sur la r\u00e9solution de probl\u00e8mes.<br \/>Et pour finir l\u2019ann\u00e9e en beaut\u00e9, les \u00e9l\u00e8ves ont d\u00e9plac\u00e9 le mat\u00e9riel dans la cours afin de proposer de faire des maths en plein air. Une belle r\u00e9ussite !!<\/p>\n<p>[\/et_pb_text][\/et_pb_column][\/et_pb_row][et_pb_row column_structure=\u00a0\u00bb2_5,3_5&Prime; _builder_version=\u00a0\u00bb4.10.7&Prime; _module_preset=\u00a0\u00bbdefault\u00a0\u00bb global_colors_info=\u00a0\u00bb{}\u00a0\u00bb][et_pb_column type=\u00a0\u00bb2_5&Prime; _builder_version=\u00a0\u00bb4.10.7&Prime; _module_preset=\u00a0\u00bbdefault\u00a0\u00bb global_colors_info=\u00a0\u00bb{}\u00a0\u00bb][et_pb_image src=\u00a0\u00bbhttps:\/\/www.pedagogie.ac-nice.fr\/mathematiques\/wp-content\/uploads\/sites\/30\/2024\/06\/ajout_clgsimoneveil_actus_trimestre33.jpg\u00a0\u00bb title_text=\u00a0\u00bbajout_clgsimoneveil_actus_trimestre33&Prime; align=\u00a0\u00bbright\u00a0\u00bb _builder_version=\u00a0\u00bb4.10.7&Prime; _module_preset=\u00a0\u00bbdefault\u00a0\u00bb width=\u00a0\u00bb70%\u00a0\u00bb global_colors_info=\u00a0\u00bb{}\u00a0\u00bb][\/et_pb_image][\/et_pb_column][et_pb_column type=\u00a0\u00bb3_5&Prime; _builder_version=\u00a0\u00bb4.10.7&Prime; _module_preset=\u00a0\u00bbdefault\u00a0\u00bb global_colors_info=\u00a0\u00bb{}\u00a0\u00bb][et_pb_image src=\u00a0\u00bbhttps:\/\/www.pedagogie.ac-nice.fr\/mathematiques\/wp-content\/uploads\/sites\/30\/2024\/06\/ajout_clgsimoneveil_actus_trimestre3.jpg\u00a0\u00bb title_text=\u00a0\u00bbajout_clgsimoneveil_actus_trimestre3&Prime; _builder_version=\u00a0\u00bb4.10.7&Prime; _module_preset=\u00a0\u00bbdefault\u00a0\u00bb width=\u00a0\u00bb63%\u00a0\u00bb global_colors_info=\u00a0\u00bb{}\u00a0\u00bb][\/et_pb_image][\/et_pb_column][\/et_pb_row][et_pb_row _builder_version=\u00a0\u00bb4.10.7&Prime; _module_preset=\u00a0\u00bbdefault\u00a0\u00bb global_colors_info=\u00a0\u00bb{}\u00a0\u00bb][et_pb_column type=\u00a0\u00bb4_4&Prime; _builder_version=\u00a0\u00bb4.10.7&Prime; _module_preset=\u00a0\u00bbdefault\u00a0\u00bb global_colors_info=\u00a0\u00bb{}\u00a0\u00bb][et_pb_text _builder_version=\u00a0\u00bb4.10.7&Prime; _module_preset=\u00a0\u00bbdefault\u00a0\u00bb background_color=\u00a0\u00bb#b3b3b3&Prime; height=\u00a0\u00bb50px\u00a0\u00bb custom_margin=\u00a0\u00bb||||true|false\u00a0\u00bb custom_padding=\u00a0\u00bb15px||15px||true|false\u00a0\u00bb box_shadow_style=\u00a0\u00bbpreset6&Prime; global_colors_info=\u00a0\u00bb{}\u00a0\u00bb]<\/p>\n<p style=\"text-align: center;\"><span style=\"color: #000080;\"><strong><span style=\"font-size: 18pt;\">Ouvertures !<\/span><\/strong><\/span><\/p>\n<p>[\/et_pb_text][et_pb_text _builder_version=\u00a0\u00bb4.10.7&Prime; _module_preset=\u00a0\u00bbdefault\u00a0\u00bb global_colors_info=\u00a0\u00bb{}\u00a0\u00bb]<\/p>\n<p><strong><span style=\"font-size: 14pt; color: #000080;\">Coll\u00e8ge l\u2019Eganaude, Biot<\/span><\/strong><\/p>\n<p class=\"v1MsoNormal\">Le labomaths du coll\u00e8ge de l\u2019Eganaude \u00e0 Biot (06) a \u00e9t\u00e9 inaugur\u00e9 le mercredi 12 juin 2024 en pr\u00e9sence de l\u2019inspection de math\u00e9matiques et de sa charg\u00e9e de mission, de la circonscription de Valbonne, du CD06, de partenaires comme Terra Numerica, le Conseil d\u00e9partemental 06, d\u2019autres coordonnateurs de labomaths, des enseignants (pas que de math\u00e9matiques&nbsp;!) sous le couvert de M. Eyrard, chef d\u2019\u00e9tablissement.L<\/p>\n<p>[\/et_pb_text][\/et_pb_column][\/et_pb_row][et_pb_row column_structure=\u00a0\u00bb2_5,3_5&Prime; _builder_version=\u00a0\u00bb4.10.7&Prime; _module_preset=\u00a0\u00bbdefault\u00a0\u00bb global_colors_info=\u00a0\u00bb{}\u00a0\u00bb][et_pb_column type=\u00a0\u00bb2_5&Prime; _builder_version=\u00a0\u00bb4.10.7&Prime; _module_preset=\u00a0\u00bbdefault\u00a0\u00bb global_colors_info=\u00a0\u00bb{}\u00a0\u00bb][et_pb_image src=\u00a0\u00bbhttps:\/\/www.pedagogie.ac-nice.fr\/mathematiques\/wp-content\/uploads\/sites\/30\/2024\/06\/Titre.png\u00a0\u00bb title_text=\u00a0\u00bbTitre\u00a0\u00bb _builder_version=\u00a0\u00bb4.10.7&Prime; _module_preset=\u00a0\u00bbdefault\u00a0\u00bb global_colors_info=\u00a0\u00bb{}\u00a0\u00bb][\/et_pb_image][\/et_pb_column][et_pb_column type=\u00a0\u00bb3_5&Prime; _builder_version=\u00a0\u00bb4.10.7&Prime; _module_preset=\u00a0\u00bbdefault\u00a0\u00bb global_colors_info=\u00a0\u00bb{}\u00a0\u00bb][et_pb_text _builder_version=\u00a0\u00bb4.10.7&Prime; _module_preset=\u00a0\u00bbdefault\u00a0\u00bb global_colors_info=\u00a0\u00bb{}\u00a0\u00bb]<\/p>\n<p>L\u2019inauguration a d\u00e9but\u00e9 par une int\u00e9ressante conf\u00e9rence d\u2019Olivier le Dantec, formateur \u00e0 l\u2019INSPE de Nice, qui nous a fait voyager chez les mayas, pour comprendre leur num\u00e9ration, leurs \u00ab&nbsp;chiffres&nbsp;\u00bb pour expliquer les difficult\u00e9s que peuvent rencontrer nos \u00e9l\u00e8ves sur la num\u00e9ration d\u00e9cimale. Ce sera le point de d\u00e9part des formations et de r\u00e9flexion entre pairs de cycle 3 (coll\u00e8ge et \u00e9coles du secteur) pr\u00e9vues l\u2019an prochain avec le concours de Mme Rayssac, IEN de la circonscription de Valbonne.<\/p>\n<p>[\/et_pb_text][\/et_pb_column][\/et_pb_row][et_pb_row _builder_version=\u00a0\u00bb4.10.7&Prime; _module_preset=\u00a0\u00bbdefault\u00a0\u00bb global_colors_info=\u00a0\u00bb{}\u00a0\u00bb][et_pb_column type=\u00a0\u00bb4_4&Prime; _builder_version=\u00a0\u00bb4.10.7&Prime; _module_preset=\u00a0\u00bbdefault\u00a0\u00bb global_colors_info=\u00a0\u00bb{}\u00a0\u00bb][et_pb_image src=\u00a0\u00bbhttps:\/\/www.pedagogie.ac-nice.fr\/mathematiques\/wp-content\/uploads\/sites\/30\/2024\/06\/IMG_20240612_122034-scaled.jpg\u00a0\u00bb title_text=\u00a0\u00bbIMG_20240612_122034&Prime; align=\u00a0\u00bbcenter\u00a0\u00bb _builder_version=\u00a0\u00bb4.10.7&Prime; _module_preset=\u00a0\u00bbdefault\u00a0\u00bb max_width=\u00a0\u00bb40%\u00a0\u00bb global_colors_info=\u00a0\u00bb{}\u00a0\u00bb][\/et_pb_image][\/et_pb_column][\/et_pb_row][et_pb_row _builder_version=\u00a0\u00bb4.10.7&Prime; _module_preset=\u00a0\u00bbdefault\u00a0\u00bb global_colors_info=\u00a0\u00bb{}\u00a0\u00bb][et_pb_column type=\u00a0\u00bb4_4&Prime; _builder_version=\u00a0\u00bb4.10.7&Prime; _module_preset=\u00a0\u00bbdefault\u00a0\u00bb global_colors_info=\u00a0\u00bb{}\u00a0\u00bb][et_pb_text _builder_version=\u00a0\u00bb4.10.7&Prime; _module_preset=\u00a0\u00bbdefault\u00a0\u00bb global_colors_info=\u00a0\u00bb{}\u00a0\u00bb]<\/p>\n<p class=\"v1MsoNormal\">Nous avons ensuite pu visiter les salles du FabEcole qui accueilleront aussi le labomaths. Nous aurons donc un FabLabMaths&nbsp;!<\/p>\n<p class=\"v1MsoNormal\">Enfin, un joli ap\u00e9ritif d\u00e9jeunatoire nous a permis d\u2019\u00e9changer autour des futurs projets.<\/p>\n<p>[\/et_pb_text][\/et_pb_column][\/et_pb_row][et_pb_row _builder_version=\u00a0\u00bb4.10.7&Prime; _module_preset=\u00a0\u00bbdefault\u00a0\u00bb global_colors_info=\u00a0\u00bb{}\u00a0\u00bb][et_pb_column type=\u00a0\u00bb4_4&Prime; _builder_version=\u00a0\u00bb4.10.7&Prime; _module_preset=\u00a0\u00bbdefault\u00a0\u00bb global_colors_info=\u00a0\u00bb{}\u00a0\u00bb][et_pb_text _builder_version=\u00a0\u00bb4.10.7&Prime; _module_preset=\u00a0\u00bbdefault\u00a0\u00bb global_colors_info=\u00a0\u00bb{}\u00a0\u00bb]<\/p>\n<p><span style=\"color: #000080;\"><strong><span style=\"font-size: 14pt;\">Coll\u00e8ge Henri Wallon, La Seyne sur Mer<\/span><\/strong><\/span><br \/>Ouverture pr\u00e9vue pour la rentr\u00e9e 2024&#8230;tout est pr\u00eat!<\/p>\n<p>[\/et_pb_text][\/et_pb_column][\/et_pb_row][et_pb_row _builder_version=\u00a0\u00bb4.10.7&Prime; _module_preset=\u00a0\u00bbdefault\u00a0\u00bb global_colors_info=\u00a0\u00bb{}\u00a0\u00bb][et_pb_column type=\u00a0\u00bb4_4&Prime; _builder_version=\u00a0\u00bb4.10.7&Prime; _module_preset=\u00a0\u00bbdefault\u00a0\u00bb global_colors_info=\u00a0\u00bb{}\u00a0\u00bb][et_pb_text _builder_version=\u00a0\u00bb4.10.7&Prime; _module_preset=\u00a0\u00bbdefault\u00a0\u00bb background_color=\u00a0\u00bb#b3b3b3&Prime; height=\u00a0\u00bb50px\u00a0\u00bb custom_margin=\u00a0\u00bb||||true|false\u00a0\u00bb custom_padding=\u00a0\u00bb15px||15px||true|false\u00a0\u00bb global_colors_info=\u00a0\u00bb{}\u00a0\u00bb]<\/p>\n<p style=\"text-align: center;\"><strong><span style=\"font-size: 18pt; color: #000080;\">A suivre pour la rentr\u00e9e prochaine<\/span><\/strong><\/p>\n<p>[\/et_pb_text][et_pb_text _builder_version=\u00a0\u00bb4.10.7&Prime; _module_preset=\u00a0\u00bbdefault\u00a0\u00bb global_colors_info=\u00a0\u00bb{}\u00a0\u00bb]<\/p>\n<p>Animations du r\u00e9seau des coordonnateurs des labomaths et des clubs maths de l\u2019acad\u00e9mie : une journ\u00e9e de mise en bouche \u00e0 l\u2019EAC de Mouans Sartoux, de conf\u00e9rences\/ateliers sur le campus de Valrose (LJAD-UniCA) et\/ou dans les labomaths et un th\u00e8me pour les clubs maths (journ\u00e9e de restitution inter clubs).<\/p>\n<p>[\/et_pb_text][\/et_pb_column][\/et_pb_row][et_pb_row _builder_version=\u00a0\u00bb4.10.7&Prime; _module_preset=\u00a0\u00bbdefault\u00a0\u00bb global_colors_info=\u00a0\u00bb{}\u00a0\u00bb][et_pb_column type=\u00a0\u00bb4_4&Prime; _builder_version=\u00a0\u00bb4.10.7&Prime; _module_preset=\u00a0\u00bbdefault\u00a0\u00bb global_colors_info=\u00a0\u00bb{}\u00a0\u00bb][et_pb_button button_url=\u00a0\u00bbhttps:\/\/www.pedagogie.ac-nice.fr\/mathematiques\/les-actualites-des-labomaths\/\u00a0\u00bb button_text=\u00a0\u00bbLes actualit\u00e9s des labomaths &#8211; 1er trimestre 2023\/2024&Prime; button_alignment=\u00a0\u00bbcenter\u00a0\u00bb _builder_version=\u00a0\u00bb4.10.7&Prime; _module_preset=\u00a0\u00bbdefault\u00a0\u00bb custom_button=\u00a0\u00bbon\u00a0\u00bb button_text_color=\u00a0\u00bb#0C71C3&Prime; custom_margin=\u00a0\u00bb10px||10px||true|false\u00a0\u00bb global_colors_info=\u00a0\u00bb{}\u00a0\u00bb][\/et_pb_button][et_pb_button button_url=\u00a0\u00bbhttps:\/\/www.pedagogie.ac-nice.fr\/mathematiques\/les-actualites-des-labomaths-2e-trimestre-2023-2024\/\u00a0\u00bb button_text=\u00a0\u00bbLes actualit\u00e9s des labomaths &#8211; 2e trimestre 2023\/2024&Prime; button_alignment=\u00a0\u00bbcenter\u00a0\u00bb _builder_version=\u00a0\u00bb4.10.7&Prime; _module_preset=\u00a0\u00bbdefault\u00a0\u00bb custom_button=\u00a0\u00bbon\u00a0\u00bb button_text_color=\u00a0\u00bb#0C71C3&Prime; custom_margin=\u00a0\u00bb10px||10px||true|false\u00a0\u00bb global_colors_info=\u00a0\u00bb{}\u00a0\u00bb][\/et_pb_button][et_pb_button button_url=\u00a0\u00bbhttps:\/\/www.pedagogie.ac-nice.fr\/mathematiques\/category\/actualites-des-labomaths\/\u00a0\u00bb button_text=\u00a0\u00bbActualit\u00e9s des labomaths &#8211; Archives\u00a0\u00bb button_alignment=\u00a0\u00bbcenter\u00a0\u00bb _builder_version=\u00a0\u00bb4.10.7&Prime; _module_preset=\u00a0\u00bbdefault\u00a0\u00bb custom_button=\u00a0\u00bbon\u00a0\u00bb button_text_color=\u00a0\u00bb#0C71C3&Prime; custom_margin=\u00a0\u00bb10px||10px||true|false\u00a0\u00bb global_colors_info=\u00a0\u00bb{}\u00a0\u00bb][\/et_pb_button][\/et_pb_column][\/et_pb_row][\/et_pb_section]<\/p>\n","protected":false},"excerpt":{"rendered":"<p>Coll\u00e8ge Genevoix, Toulon Ouverture aux \u00e9l\u00e8ves 2 fois par semaine, jeux de calculs de type Mathador. Une soir\u00e9e maths \u00e9tait pr\u00e9vue mais a du \u00eatre report\u00e9e \u00e0 l\u2019an&nbsp; prochain. Une semaine des sciences pour le public du cycle 3 des \u00e9coles du r\u00e9seau est en train d\u2019\u00eatre mise en place. Lyc\u00e9e du Val d\u2019Argens, Le [&hellip;]<\/p>\n","protected":false},"author":202,"featured_media":0,"parent":0,"menu_order":0,"comment_status":"closed","ping_status":"closed","template":"","meta":{"_et_pb_use_builder":"on","_et_pb_old_content":"","_et_gb_content_width":"","ngg_post_thumbnail":0,"footnotes":""},"class_list":["post-10290","page","type-page","status-publish","hentry"],"rttpg_featured_image_url":null,"rttpg_author":{"display_name":"admin","author_link":"https:\/\/www.pedagogie.ac-nice.fr\/mathematiques\/author\/opilorget\/"},"rttpg_comment":0,"rttpg_category":null,"rttpg_excerpt":"Coll\u00e8ge Genevoix, Toulon Ouverture aux \u00e9l\u00e8ves 2 fois par semaine, jeux de calculs de type Mathador. Une soir\u00e9e maths \u00e9tait pr\u00e9vue mais a du \u00eatre report\u00e9e \u00e0 l\u2019an&nbsp; prochain. Une semaine des sciences pour le public du cycle 3 des \u00e9coles du r\u00e9seau est en train d\u2019\u00eatre mise en place. Lyc\u00e9e du Val d\u2019Argens, Le\u2026","post_mailing_queue_ids":[],"_links":{"self":[{"href":"https:\/\/www.pedagogie.ac-nice.fr\/mathematiques\/wp-json\/wp\/v2\/pages\/10290","targetHints":{"allow":["GET"]}}],"collection":[{"href":"https:\/\/www.pedagogie.ac-nice.fr\/mathematiques\/wp-json\/wp\/v2\/pages"}],"about":[{"href":"https:\/\/www.pedagogie.ac-nice.fr\/mathematiques\/wp-json\/wp\/v2\/types\/page"}],"author":[{"embeddable":true,"href":"https:\/\/www.pedagogie.ac-nice.fr\/mathematiques\/wp-json\/wp\/v2\/users\/202"}],"replies":[{"embeddable":true,"href":"https:\/\/www.pedagogie.ac-nice.fr\/mathematiques\/wp-json\/wp\/v2\/comments?post=10290"}],"version-history":[{"count":56,"href":"https:\/\/www.pedagogie.ac-nice.fr\/mathematiques\/wp-json\/wp\/v2\/pages\/10290\/revisions"}],"predecessor-version":[{"id":10639,"href":"https:\/\/www.pedagogie.ac-nice.fr\/mathematiques\/wp-json\/wp\/v2\/pages\/10290\/revisions\/10639"}],"wp:attachment":[{"href":"https:\/\/www.pedagogie.ac-nice.fr\/mathematiques\/wp-json\/wp\/v2\/media?parent=10290"}],"curies":[{"name":"wp","href":"https:\/\/api.w.org\/{rel}","templated":true}]}}