{"id":2598,"date":"2019-06-07T16:59:47","date_gmt":"2019-06-07T14:59:47","guid":{"rendered":"https:\/\/www.pedagogie.ac-nice.fr\/plplh\/?page_id=2598"},"modified":"2025-10-20T14:03:45","modified_gmt":"2025-10-20T12:03:45","slug":"bp-2","status":"publish","type":"page","link":"https:\/\/www.pedagogie.ac-nice.fr\/plplh\/bp-2\/","title":{"rendered":"Brevet Professionnel &#8211; Partie Fran\u00e7ais"},"content":{"rendered":"<h2><span style=\"color: #000000;\">Expression et connaissance du monde &#8211; Partie Fran\u00e7ais<\/span><\/h2>\n<p><em>Sujets qui prennent appui sur le programme d\u2019enseignement d\u2019expression et connaissance du monde (fran\u00e7ais \u2013 histoire-g\u00e9ographie) <a href=\"http:\/\/www.education.gouv.fr\/pid285\/bulletin_officiel.html?cid_bo=100573\">BO n\u00b011 du 17 mars 2016.<\/a><\/em><\/p>\n<h3><span style=\"color: #3366ff;\"><strong>Fran\u00e7ais<\/strong><\/span><\/h3>\n<p><span style=\"color: #ff6600;\"><strong>Session 2025<\/strong><\/span><\/p>\n<ul>\n<li>Le <a href=\"https:\/\/www.pedagogie.ac-nice.fr\/plplh\/wp-content\/uploads\/sites\/18\/2025\/10\/SUJET-FRANCAIS-BP-SEPT-25.pdf\" target=\"_blank\" rel=\"noopener\"><strong>sujet de fran\u00e7ais<\/strong><\/a>, mai 2025 et son <strong><a href=\"https:\/\/www.pedagogie.ac-nice.fr\/plplh\/wp-content\/uploads\/sites\/18\/2025\/10\/CORRIGE-FRANCAIS-SEPT-25.pdf\" target=\"_blank\" rel=\"noopener\">corrig\u00e9<\/a><\/strong>.<\/li>\n<\/ul>\n<pre><span style=\"font-family: helvetica, arial, sans-serif;\">Th\u00e8me : En quoi l\u2019autre est-il semblable et diff\u00e9rent ?\r\nTexte 1 : Robert Badinter, <em>Idiss<\/em>, 2018. \r\nTexte 2 : Mona Ozouf, <em>Composition fran\u00e7aise<\/em>, 2009.\r\nTexte 3 : Nathalie ROSSIGNOL, \u00ab La cabine de pages \u00bb, France 3 r\u00e9gions, 2021.<\/span><\/pre>\n<ul>\n<li>Le <a href=\"https:\/\/www.pedagogie.ac-nice.fr\/plplh\/wp-content\/uploads\/sites\/18\/2025\/06\/SUJET-BP-FRANCAIS-2025.pdf\" target=\"_blank\" rel=\"noopener\"><strong>sujet de fran\u00e7ais<\/strong><\/a>, mai 2025 et son <strong><a href=\"https:\/\/www.pedagogie.ac-nice.fr\/plplh\/wp-content\/uploads\/sites\/18\/2025\/06\/CORRIGE-BP-FRANCAIS-2025.pdf\" target=\"_blank\" rel=\"noopener\">corrig\u00e9<\/a><\/strong>.<\/li>\n<\/ul>\n<pre><span style=\"font-family: helvetica, arial, sans-serif;\">Th\u00e8me : En quoi le XXe si\u00e8cle a-t-il model\u00e9 l\u2019homme moderne ?\r\nTexte 1 : Jean-Jacques Rousseau, <em>\u00c9mile ou de l\u2019\u00e9ducation<\/em>, 1762.\r\nTexte 2 : Annie Ernaux, <em>Les Ann\u00e9es<\/em>, 2008.\r\nDocument : Magnet, reproduisant la c\u00e9l\u00e8bre sculpture d\u2019Alberto Giacometti, <em>Homme qui marche<\/em><\/span>\r\n<span style=\"font-family: helvetica, arial, sans-serif;\">(1960).<\/span><\/pre>\n<p><span style=\"color: #ff6600;\"><strong>Session 2024<\/strong><\/span><\/p>\n<ul>\n<li>Le <strong><a href=\"https:\/\/www.pedagogie.ac-nice.fr\/plplh\/wp-content\/uploads\/sites\/18\/2024\/10\/24SAR-BP-ECM-FR-3.pdf\" target=\"_blank\" rel=\"noopener\">sujet de fran\u00e7ais<\/a><\/strong>, septembre 2024 et son <strong><a href=\"https:\/\/www.pedagogie.ac-nice.fr\/plplh\/wp-content\/uploads\/sites\/18\/2024\/10\/24SAR-BP-ECM-FR-3-C.pdf\" target=\"_blank\" rel=\"noopener\">corrig\u00e9<\/a><\/strong>.<\/li>\n<\/ul>\n<pre><span style=\"font-family: helvetica, arial, sans-serif;\">Th\u00e8me : En quoi le XXe si\u00e8cle a-t-il model\u00e9 l\u2019homme moderne ?\r\nTexte 1 : Albert Camus, <em>La Peste<\/em>, 1947.\r\nTexte 2 : Anne Sylvestre, \u00ab La Chanson d\u00e9gag\u00e9e \u00bb, <em>Abel, Ca\u00efn, mon fils<\/em>, 1968.\r\nDocument : Banksy, \u00ab L\u2019amour est dans l\u2019air, le lanceur de fleurs \u00bb, graffiti r\u00e9alis\u00e9 en 2003.\r\n<\/span><\/pre>\n<ul>\n<li>Le <strong><a href=\"https:\/\/www.pedagogie.ac-nice.fr\/plplh\/wp-content\/uploads\/sites\/18\/2024\/06\/SUJET-FRANCAIS-BP-mai-24.pdf\" target=\"_blank\" rel=\"noopener\">sujet de fran\u00e7ais<\/a><\/strong>, mai 2024 et son <strong><a href=\"https:\/\/www.pedagogie.ac-nice.fr\/plplh\/wp-content\/uploads\/sites\/18\/2024\/06\/CORRIGE-FRANCAIS-BP-mai-2024.pdf\" target=\"_blank\" rel=\"noopener\">corrig\u00e9<\/a><\/strong>.<\/li>\n<\/ul>\n<pre><span style=\"font-family: helvetica, arial, sans-serif;\">Th\u00e8me : En quoi le XXe si\u00e8cle a-t-il model\u00e9 l\u2019homme moderne ?\r\nTexte 1 : Georges Perec, <em>W ou le souvenir d'enfance<\/em>, 1975.\r\nTexte 2 : Ga\u00ebl Faye, Petit Pays, 2016.\r\nDocument : \u00c9douard Lamort, \u00ab Que devient Kim Ph\u00fac\u2026 ? \u00bb (extrait), Ouest France, le 8 juin 2022. \r\n<\/span><\/pre>\n<p><span style=\"color: #ff6600;\"><strong>Session 2023<\/strong><\/span><\/p>\n<ul>\n<li>Le <strong><a href=\"https:\/\/www.pedagogie.ac-nice.fr\/plplh\/wp-content\/uploads\/sites\/18\/2023\/05\/Sujet-BP-Francais-2023.pdf\" target=\"_blank\" rel=\"noopener\">sujet de fran\u00e7ais<\/a><\/strong>, mai 2023 et son <strong><a href=\"https:\/\/www.pedagogie.ac-nice.fr\/plplh\/wp-content\/uploads\/sites\/18\/2023\/06\/BP-CORRIGE-FRANCAIS-2023.pdf\" target=\"_blank\" rel=\"noopener\">corrig\u00e9<\/a><\/strong>.<\/li>\n<\/ul>\n<pre><span style=\"font-family: helvetica, arial, sans-serif;\">Th\u00e8me : En quoi le XXe sie\u0300cle a-t-il modele\u0301 l\u2019homme moderne ?<\/span><\/pre>\n<p><span style=\"color: #ff6600;\"><strong>Session 2022<\/strong><\/span><\/p>\n<ul>\n<li>Le <strong><a href=\"https:\/\/www.pedagogie.ac-nice.fr\/plplh\/wp-content\/uploads\/sites\/18\/2022\/11\/bp_ecm_fr_sujet-2022.pdf\" target=\"_blank\" rel=\"noopener\">sujet de fran\u00e7ais,<\/a><\/strong> mai 2022 et son <strong><a href=\"https:\/\/www.pedagogie.ac-nice.fr\/plplh\/wp-content\/uploads\/sites\/18\/2022\/11\/bp_ecm_fr_-2022-corrige\u0301.pdf\" target=\"_blank\" rel=\"noopener\">corrig\u00e9<\/a><\/strong>.<\/li>\n<\/ul>\n<pre><span style=\"font-family: helvetica, arial, sans-serif;\">Th\u00e8me : En quoi l\u2019autre est-il semblable et diff\u00e9rent ?<\/span><\/pre>\n<p><span style=\"color: #ff6600;\"><strong>Session 2021<\/strong><\/span><\/p>\n<ul>\n<li>Le <strong><a href=\"https:\/\/www.pedagogie.ac-nice.fr\/plplh\/wp-content\/uploads\/sites\/18\/2022\/11\/bp_ecm_francais_2021.pdf\" target=\"_blank\" rel=\"noopener\">sujet de fran\u00e7ais,<\/a><\/strong> mai 2021 et son <strong><a href=\"https:\/\/www.pedagogie.ac-nice.fr\/plplh\/wp-content\/uploads\/sites\/18\/2022\/11\/bp_ecm_francais_2021_corrige.pdf\" target=\"_blank\" rel=\"noopener\">corrig\u00e9<\/a><\/strong>.<\/li>\n<\/ul>\n<pre><span style=\"font-family: helvetica, arial, sans-serif;\">Th\u00e8me : La guerre<\/span><\/pre>\n<p><span style=\"color: #ff6600;\"><strong>Session 2019<\/strong><\/span><\/p>\n<ul>\n<li>Le <strong><a href=\"https:\/\/www.pedagogie.ac-nice.fr\/plplh\/wp-content\/uploads\/sites\/18\/2019\/05\/Sujet-BP-Fran\u00e7ais-2019.pdf\">sujet de fran\u00e7ais<\/a><\/strong>, mai 2019 et son <strong><a href=\"https:\/\/www.pedagogie.ac-nice.fr\/plplh\/wp-content\/uploads\/sites\/18\/2022\/11\/corrige_franc_mrm19.pdf\">corrig\u00e9<\/a><\/strong>.<\/li>\n<\/ul>\n<pre><span style=\"font-family: helvetica, arial, sans-serif;\">Th\u00e8me : Les robots<\/span><\/pre>\n<p><span style=\"color: #ff6600;\"><strong>Session 2018<\/strong><\/span><\/p>\n<ul>\n<li>Le <strong><a href=\"http:\/\/www.ac-nice.fr\/plplh\/wp-content\/uploads\/2018\/04\/Sujet-ECM-Fran\u00e7ais.pdf\">sujet de fran\u00e7ais<\/a><\/strong>, septembre 2018.<\/li>\n<\/ul>\n<pre><span style=\"font-family: helvetica, arial, sans-serif;\">Th\u00e8me : Le travail<\/span><\/pre>\n<ul>\n<li>Le<strong><a href=\"https:\/\/www.pedagogie.ac-nice.fr\/plplh\/se-former\/page-d-exemple-2\/sujets-dexamens\/sujet-francais\/\" rel=\"attachment wp-att-2001\"> sujet de fran\u00e7ais, <\/a><\/strong>mai 2018.<\/li>\n<\/ul>\n<pre><span style=\"font-family: helvetica, arial, sans-serif;\">Th\u00e8me : L'\u00e9galit\u00e9 Hommes\/Femmes<\/span><\/pre>\n<ul>\n<li>Le <a href=\"https:\/\/www.pedagogie.ac-nice.fr\/plplh\/se-former\/page-d-exemple-2\/sujets-dexamens\/sujet-francais-ecm-ggm\/\" rel=\"attachment wp-att-2020\"><strong>sujet de fran\u00e7ais<\/strong><\/a> en <strong>Guyane-Guadeloupe-Martinique<\/strong><a href=\"https:\/\/www.pedagogie.ac-nice.fr\/plplh\/se-former\/page-d-exemple-2\/sujets-dexamens\/sujet-francais-ecm-ggm\/\" rel=\"attachment wp-att-2020\">, <\/a>2018.<\/li>\n<\/ul>\n<pre><span style=\"font-family: helvetica, arial, sans-serif;\">Th\u00e8me : La rencontre<\/span><\/pre>\n","protected":false},"excerpt":{"rendered":"<p>Expression et connaissance du monde &#8211; Partie Fran\u00e7ais Sujets qui prennent appui sur le programme d\u2019enseignement d\u2019expression et connaissance du monde (fran\u00e7ais \u2013 histoire-g\u00e9ographie) BO n\u00b011 du 17 mars 2016. Fran\u00e7ais Session 2025 Le sujet de fran\u00e7ais, mai 2025 et son corrig\u00e9. Th\u00e8me : En quoi l\u2019autre est-il semblable et diff\u00e9rent ? Texte 1 : &hellip; <\/p>\n<p><a class=\"more-link btn\" href=\"https:\/\/www.pedagogie.ac-nice.fr\/plplh\/bp-2\/\">Lire la suite<\/a><\/p>\n","protected":false},"author":195,"featured_media":0,"parent":0,"menu_order":0,"comment_status":"closed","ping_status":"closed","template":"","meta":{"ngg_post_thumbnail":0,"footnotes":""},"class_list":["post-2598","page","type-page","status-publish","hentry","nodate","item-wrap"],"rttpg_featured_image_url":null,"rttpg_author":{"display_name":"David Lamoureux","author_link":"https:\/\/www.pedagogie.ac-nice.fr\/plplh\/author\/dlamoureux\/"},"rttpg_comment":0,"rttpg_category":null,"rttpg_excerpt":"Expression et connaissance du monde &#8211; Partie Fran\u00e7ais Sujets qui prennent appui sur le programme d\u2019enseignement d\u2019expression et connaissance du monde (fran\u00e7ais \u2013 histoire-g\u00e9ographie) BO n\u00b011 du 17 mars 2016. Fran\u00e7ais Session 2025 Le sujet de fran\u00e7ais, mai 2025 et son corrig\u00e9. Th\u00e8me : En quoi l\u2019autre est-il semblable et diff\u00e9rent ? Texte 1 :\u2026","post_mailing_queue_ids":[],"_links":{"self":[{"href":"https:\/\/www.pedagogie.ac-nice.fr\/plplh\/wp-json\/wp\/v2\/pages\/2598","targetHints":{"allow":["GET"]}}],"collection":[{"href":"https:\/\/www.pedagogie.ac-nice.fr\/plplh\/wp-json\/wp\/v2\/pages"}],"about":[{"href":"https:\/\/www.pedagogie.ac-nice.fr\/plplh\/wp-json\/wp\/v2\/types\/page"}],"author":[{"embeddable":true,"href":"https:\/\/www.pedagogie.ac-nice.fr\/plplh\/wp-json\/wp\/v2\/users\/195"}],"replies":[{"embeddable":true,"href":"https:\/\/www.pedagogie.ac-nice.fr\/plplh\/wp-json\/wp\/v2\/comments?post=2598"}],"version-history":[{"count":52,"href":"https:\/\/www.pedagogie.ac-nice.fr\/plplh\/wp-json\/wp\/v2\/pages\/2598\/revisions"}],"predecessor-version":[{"id":10349,"href":"https:\/\/www.pedagogie.ac-nice.fr\/plplh\/wp-json\/wp\/v2\/pages\/2598\/revisions\/10349"}],"wp:attachment":[{"href":"https:\/\/www.pedagogie.ac-nice.fr\/plplh\/wp-json\/wp\/v2\/media?parent=2598"}],"curies":[{"name":"wp","href":"https:\/\/api.w.org\/{rel}","templated":true}]}}