{"id":4007,"date":"2020-06-25T19:21:25","date_gmt":"2020-06-25T17:21:25","guid":{"rendered":"https:\/\/www.pedagogie.ac-nice.fr\/plplh\/?page_id=4007"},"modified":"2020-06-30T16:45:37","modified_gmt":"2020-06-30T14:45:37","slug":"webinaires-disciplinaires","status":"publish","type":"page","link":"https:\/\/www.pedagogie.ac-nice.fr\/plplh\/se-former\/webinaires-disciplinaires\/","title":{"rendered":"Webinaires disciplinaires"},"content":{"rendered":"<p><img loading=\"lazy\" decoding=\"async\" class=\"wp-image-4021 alignleft\" src=\"https:\/\/www.pedagogie.ac-nice.fr\/plplh\/wp-content\/uploads\/sites\/18\/2020\/06\/Logos-Webiniaires-300x190.jpg\" alt=\"\" width=\"254\" height=\"161\" srcset=\"https:\/\/www.pedagogie.ac-nice.fr\/plplh\/wp-content\/uploads\/sites\/18\/2020\/06\/Logos-Webiniaires-300x190.jpg 300w, https:\/\/www.pedagogie.ac-nice.fr\/plplh\/wp-content\/uploads\/sites\/18\/2020\/06\/Logos-Webiniaires-768x487.jpg 768w, https:\/\/www.pedagogie.ac-nice.fr\/plplh\/wp-content\/uploads\/sites\/18\/2020\/06\/Logos-Webiniaires.jpg 905w\" sizes=\"auto, (max-width: 254px) 100vw, 254px\" \/>En association avec la DANE, Nadine Mansard ouvre des WEBINAIRES* destin\u00e9s aux PLP Lettres-Histoire de l\u2019Acad\u00e9mie de Nice.<\/p>\n<p>Ces formations aux outils num\u00e9riques en lien avec nos pratiques p\u00e9dagogiques en Lettres-Histoire-G\u00e9ographie-EMC vous apporteront des \u00e9clairages dans une d\u00e9marche d&rsquo;enseignement en distanciel ou en pr\u00e9sentiel.<\/p>\n<p>&nbsp;<\/p>\n<h3 style=\"text-align: center;\"><span style=\"color: #ff6600;\"><strong>Calendrier de nos formations<\/strong><\/span><\/h3>\n<table style=\"border-collapse: collapse; width: 151.293%; height: 88px;\">\n<tbody>\n<tr style=\"height: 39px;\">\n<td style=\"width: 20.9139%; height: 39px; text-align: center;\"><span style=\"font-size: 10pt;\"><strong>Dates<\/strong><\/span><\/td>\n<td style=\"width: 19.7333%; height: 39px; text-align: center;\"><span style=\"font-size: 10pt;\"><strong>Lien vers le Webinaire<\/strong><\/span><\/td>\n<td style=\"width: 29.3022%; text-align: center; height: 39px;\"><span style=\"font-size: 10pt;\"><strong>Formateurs<br \/>\n<\/strong><\/span><\/td>\n<td style=\"width: 7.56887%; height: 39px; text-align: center;\"><span style=\"font-size: 10pt;\"><strong>Item DANE<\/strong><\/span><\/td>\n<td style=\"width: 1.33333%; height: 39px; text-align: center;\"><span style=\"font-size: 10pt;\"><strong>Comp\u00e9tences\/Activit\u00e9s<\/strong><\/span><\/td>\n<td style=\"width: 7.73333%; text-align: center; height: 39px;\"><span style=\"font-size: 10pt;\"><strong>Outils\/Supports<\/strong><\/span><\/td>\n<td style=\"width: 20.1334%; height: 39px; text-align: center;\"><span style=\"font-size: 10pt;\"><strong>Niveau de difficult\u00e9<\/strong><\/span><\/td>\n<\/tr>\n<tr>\n<td style=\"width: 20.9139%; text-align: center;\"><span style=\"font-size: 10pt;\"><strong>25\/06<\/strong><\/span><\/p>\n<p><span style=\"font-size: 10pt;\"><strong>\u00e0 16h30<\/strong><\/span><\/p>\n<p><span style=\"font-size: 10pt;\"><strong>\u00a0<\/strong><\/span><\/td>\n<td style=\"width: 19.7333%; text-align: center;\"><span style=\"font-size: 10pt;\"><strong>Session\u00a0 r\u00e9serv\u00e9e aux<\/strong><\/span><span style=\"font-size: 10pt;\"><strong> formateurs<\/strong><\/span><\/td>\n<td style=\"width: 29.3022%;\">\n<ul>\n<li><span style=\"font-size: 10pt;\">L. Beno\u00eet<\/span><\/li>\n<li><span style=\"font-size: 10pt;\">C. Henriot<\/span><\/li>\n<li><span style=\"font-size: 10pt;\">D. Lamoureux<\/span><\/li>\n<\/ul>\n<\/td>\n<td style=\"width: 7.56887%;\"><span style=\"font-size: 10pt;\">Collaborer<\/span><\/p>\n<p><span style=\"font-size: 10pt;\">Construire<\/span><\/td>\n<td style=\"width: 1.33333%;\"><span style=\"font-size: 10pt;\">Construire un mur collaboratif<\/span><\/p>\n<p><span style=\"font-size: 10pt;\">Utiliser un mur collaboratif avec ses \u00e9l\u00e8ves<\/span><\/td>\n<td style=\"width: 7.73333%; text-align: center;\"><span style=\"font-size: 10pt;\">Padlet<\/span><\/td>\n<td style=\"width: 20.1334%;\"><span style=\"font-size: 10pt;\">Facile\/Accessible<\/span><\/td>\n<\/tr>\n<tr style=\"height: 39px;\">\n<td style=\"width: 20.9139%; height: 39px; text-align: center;\"><span style=\"font-size: 10pt;\"><strong>29\/06<\/strong><\/span><\/p>\n<p><span style=\"font-size: 10pt;\"><strong>\u00e0 9h30<\/strong><\/span><\/td>\n<td style=\"width: 19.7333%; height: 39px; text-align: center;\"><strong><span style=\"font-size: 10pt;\"><a href=\"https:\/\/eu.bbcollab.com\/guest\/4ca27b66f91041ca8c868ef2796e7e21\">Cliquez pour rejoindre la formation<\/a><\/span><\/strong><\/td>\n<td style=\"width: 29.3022%; text-align: center; height: 39px;\">\n<ul>\n<li style=\"text-align: left;\"><span style=\"font-size: 10pt;\">L. Beno\u00eet<\/span><\/li>\n<li style=\"text-align: left;\"><span style=\"font-size: 10pt;\">C. Henriot<\/span><\/li>\n<li style=\"text-align: left;\"><span style=\"font-size: 10pt;\">D. Lamoureux<\/span><\/li>\n<\/ul>\n<\/td>\n<td style=\"width: 7.56887%; height: 39px; text-align: center;\"><span style=\"font-size: 10pt;\">Collaborer<\/span><\/p>\n<p><span style=\"font-size: 10pt;\">Construire<\/span><\/td>\n<td style=\"width: 1.33333%; height: 39px; text-align: left;\"><span style=\"font-size: 10pt;\">Construire un mur collaboratif<\/span><\/p>\n<p><span style=\"font-size: 10pt;\">Utiliser un mur collaboratif avec ses \u00e9l\u00e8ves<\/span><\/td>\n<td style=\"width: 7.73333%; text-align: center; height: 39px;\"><span style=\"font-size: 10pt;\">Padlet<\/span><\/td>\n<td style=\"width: 20.1334%; height: 39px; text-align: center;\"><span style=\"font-size: 10pt;\">Facile\/<\/span><span style=\"font-size: 10pt;\">Accessible<\/span><\/td>\n<\/tr>\n<tr style=\"height: 129px;\">\n<td style=\"width: 20.9139%; height: 10px;\">\n<p style=\"text-align: center;\"><span style=\"font-size: 10pt;\"><strong>30\/06<\/strong><\/span><\/p>\n<p style=\"text-align: center;\"><span style=\"font-size: 10pt;\"><strong>\u00e0 14h30<\/strong><\/span><\/p>\n<\/td>\n<td style=\"width: 19.7333%; height: 10px; text-align: center;\"><span style=\"font-size: 10pt;\"><a href=\"https:\/\/eu.bbcollab.com\/guest\/4ca27b66f91041ca8c868ef2796e7e21\"><strong>Cliquez pour rejoindre la formation<\/strong><\/a><\/span><\/td>\n<td style=\"width: 29.3022%; height: 10px;\">\n<ul>\n<li><span style=\"font-size: 10pt;\">L. Beno\u00eet<\/span><\/li>\n<li><span style=\"font-size: 10pt;\">C. Henriot<\/span><\/li>\n<li><span style=\"font-size: 10pt;\">D. Lamoureux<\/span><\/li>\n<\/ul>\n<\/td>\n<td style=\"width: 7.56887%; height: 10px;\">\n<p style=\"text-align: center;\"><span style=\"font-size: 10pt;\">Collaborer<\/span><\/p>\n<p style=\"text-align: center;\"><span style=\"font-size: 10pt;\">Construire<\/span><\/p>\n<\/td>\n<td style=\"width: 1.33333%; height: 10px;\"><span style=\"font-size: 10pt;\">Construire un mur collaboratif<\/span><\/p>\n<p><span style=\"font-size: 10pt;\">Utiliser un mur collaboratif avec ses \u00e9l\u00e8ves<\/span><\/p>\n<p>&nbsp;<\/td>\n<td style=\"width: 7.73333%; height: 10px; text-align: center;\"><span style=\"font-size: 10pt;\">Padlet<\/span><\/td>\n<td style=\"width: 20.1334%; height: 10px;\"><span style=\"font-size: 10pt;\">Facile\/Accessible<\/span><\/td>\n<\/tr>\n<\/tbody>\n<\/table>\n<p><img loading=\"lazy\" decoding=\"async\" class=\"wp-image-4031 aligncenter\" src=\"https:\/\/www.pedagogie.ac-nice.fr\/plplh\/wp-content\/uploads\/sites\/18\/2020\/06\/index-300x147.jpg\" alt=\"\" width=\"141\" height=\"69\" srcset=\"https:\/\/www.pedagogie.ac-nice.fr\/plplh\/wp-content\/uploads\/sites\/18\/2020\/06\/index-300x147.jpg 300w, https:\/\/www.pedagogie.ac-nice.fr\/plplh\/wp-content\/uploads\/sites\/18\/2020\/06\/index.jpg 321w\" sizes=\"auto, (max-width: 141px) 100vw, 141px\" \/><\/p>\n","protected":false},"excerpt":{"rendered":"<p>En association avec la DANE, Nadine Mansard ouvre des WEBINAIRES* destin\u00e9s aux PLP Lettres-Histoire de l\u2019Acad\u00e9mie de Nice. Ces formations aux outils num\u00e9riques en lien avec nos pratiques p\u00e9dagogiques en Lettres-Histoire-G\u00e9ographie-EMC vous apporteront des \u00e9clairages dans une d\u00e9marche d&rsquo;enseignement en distanciel ou en pr\u00e9sentiel. &nbsp; Calendrier de nos formations Dates Lien vers le Webinaire Formateurs &hellip; <\/p>\n<p><a class=\"more-link btn\" href=\"https:\/\/www.pedagogie.ac-nice.fr\/plplh\/se-former\/webinaires-disciplinaires\/\">Lire la suite<\/a><\/p>\n","protected":false},"author":195,"featured_media":0,"parent":1761,"menu_order":0,"comment_status":"closed","ping_status":"closed","template":"","meta":{"ngg_post_thumbnail":0,"footnotes":""},"class_list":["post-4007","page","type-page","status-publish","hentry","nodate","item-wrap"],"rttpg_featured_image_url":null,"rttpg_author":{"display_name":"David Lamoureux","author_link":"https:\/\/www.pedagogie.ac-nice.fr\/plplh\/author\/dlamoureux\/"},"rttpg_comment":0,"rttpg_category":null,"rttpg_excerpt":"En association avec la DANE, Nadine Mansard ouvre des WEBINAIRES* destin\u00e9s aux PLP Lettres-Histoire de l\u2019Acad\u00e9mie de Nice. Ces formations aux outils num\u00e9riques en lien avec nos pratiques p\u00e9dagogiques en Lettres-Histoire-G\u00e9ographie-EMC vous apporteront des \u00e9clairages dans une d\u00e9marche d&rsquo;enseignement en distanciel ou en pr\u00e9sentiel. &nbsp; Calendrier de nos formations Dates Lien vers le Webinaire Formateurs\u2026","post_mailing_queue_ids":[],"_links":{"self":[{"href":"https:\/\/www.pedagogie.ac-nice.fr\/plplh\/wp-json\/wp\/v2\/pages\/4007","targetHints":{"allow":["GET"]}}],"collection":[{"href":"https:\/\/www.pedagogie.ac-nice.fr\/plplh\/wp-json\/wp\/v2\/pages"}],"about":[{"href":"https:\/\/www.pedagogie.ac-nice.fr\/plplh\/wp-json\/wp\/v2\/types\/page"}],"author":[{"embeddable":true,"href":"https:\/\/www.pedagogie.ac-nice.fr\/plplh\/wp-json\/wp\/v2\/users\/195"}],"replies":[{"embeddable":true,"href":"https:\/\/www.pedagogie.ac-nice.fr\/plplh\/wp-json\/wp\/v2\/comments?post=4007"}],"version-history":[{"count":24,"href":"https:\/\/www.pedagogie.ac-nice.fr\/plplh\/wp-json\/wp\/v2\/pages\/4007\/revisions"}],"predecessor-version":[{"id":4049,"href":"https:\/\/www.pedagogie.ac-nice.fr\/plplh\/wp-json\/wp\/v2\/pages\/4007\/revisions\/4049"}],"up":[{"embeddable":true,"href":"https:\/\/www.pedagogie.ac-nice.fr\/plplh\/wp-json\/wp\/v2\/pages\/1761"}],"wp:attachment":[{"href":"https:\/\/www.pedagogie.ac-nice.fr\/plplh\/wp-json\/wp\/v2\/media?parent=4007"}],"curies":[{"name":"wp","href":"https:\/\/api.w.org\/{rel}","templated":true}]}}