{"id":8020,"date":"2023-09-27T17:27:37","date_gmt":"2023-09-27T15:27:37","guid":{"rendered":"https:\/\/www.pedagogie.ac-nice.fr\/plplh\/?page_id=8020"},"modified":"2025-10-23T18:30:39","modified_gmt":"2025-10-23T16:30:39","slug":"bts","status":"publish","type":"page","link":"https:\/\/www.pedagogie.ac-nice.fr\/plplh\/bts\/","title":{"rendered":"Brevet de Technicien Sup\u00e9rieur"},"content":{"rendered":"<h3><span style=\"color: #333333;\">CULTURE G\u00c9N\u00c9RALE ET EXPRESSION<\/span><\/h3>\n<p>Retrouvez sur cette page, des proposition de probl\u00e9matiques, des indications bibliographiques, d\u2019\u0153uvres filmiques ou musicales pour le th\u00e8me pr\u00e9vu.<\/p>\n<h4><strong><span style=\"color: #ff6600;\">Nouvelle \u00e9preuve de CGE<\/span><br \/>\n<\/strong><\/h4>\n<p>Afin de pr\u00e9parer au mieux les \u00e9tudiants passant les \u00e9preuves de CGE en juin 2025, vous trouverez trois documents nationaux relatifs \u00e0 l&rsquo;accompagnement de la nouvelle \u00e9preuve de CGE :<\/p>\n<ul type=\"disc\">\n<li>une <strong><a href=\"https:\/\/www.pedagogie.ac-nice.fr\/plplh\/wp-content\/uploads\/sites\/18\/2023\/10\/BTS_CGE_FAQ24_FIN.pdf\" target=\"_blank\" rel=\"noopener\">FAQ : BTS &#8211; Culture G\u00e9n\u00e9rale et Expression<\/a><\/strong> ;<\/li>\n<li>un <strong><a href=\"https:\/\/www.pedagogie.ac-nice.fr\/plplh\/wp-content\/uploads\/sites\/18\/2023\/10\/Sujet-0-CGE-sur-programme_ATable_FIN.pdf\" target=\"_blank\" rel=\"noopener\">second sujet 0<\/a><\/strong> &#8211; sur le th\u00e8me en vigueur \u00ab\u00a0\u00c0 table\u00a0\u00bb pour 24-25 ;<\/li>\n<li>un <strong><a href=\"https:\/\/www.pedagogie.ac-nice.fr\/plplh\/wp-content\/uploads\/sites\/18\/2023\/10\/Outil_Evaluation_CGE_FIN.pdf\" target=\"_blank\" rel=\"noopener\">outil d&rsquo;aide \u00e0 l&rsquo;\u00e9valuation<\/a><\/strong> qui propose des points de rep\u00e8re pr\u00e9sentant les diff\u00e9rents niveaux selon les comp\u00e9tences envisag\u00e9es. (ce document sera ins\u00e9r\u00e9 dans les corrig\u00e9s nationaux).<\/li>\n<li>un <strong><a href=\"https:\/\/www.pedagogie.ac-nice.fr\/plplh\/wp-content\/uploads\/sites\/18\/2023\/09\/BTS-CGE-DANS-MA-MAISON-sujet0_fin.pdf\" target=\"_blank\" rel=\"noopener\">sujet z\u00e9ro<\/a><\/strong>&nbsp; sur le th\u00e8me \u00ab\u00a0Dans ma maison\u00a0\u00bb qui prend en compte l&rsquo;\u00e9volution de l\u2019\u00e9preuve \u00e0 partir de la session de mai 2025.<\/li>\n<\/ul>\n<ul>\n<li><strong>&nbsp;<\/strong><strong><a href=\"https:\/\/www.pedagogie.ac-nice.fr\/plplh\/wp-content\/uploads\/sites\/18\/2023\/10\/Lepreuve-de-Culture-generale-BTS-2025-def.pdf\" target=\"_blank\" rel=\"noopener\">Pr\u00e9sentation acad\u00e9mique des \u00e9volutions de l&rsquo;\u00e9preuve <\/a>\u00e0 partir de la session 2025.<\/strong><\/li>\n<\/ul>\n<h4><span style=\"color: #ff6600;\"><strong>Th\u00e8me pour la session 2026<\/strong><\/span><\/h4>\n<ul>\n<li>Le <strong><a href=\"https:\/\/www.education.gouv.fr\/bo\/2025\/Hebdo24\/MENS2508196N\" target=\"_blank\" rel=\"noopener\">BO n\u00b017 du 24 avril 2025 <\/a><\/strong>concernant le th\u00e8me retenu pour l\u2019enseignement de culture g\u00e9n\u00e9rale et expression en deuxi\u00e8me ann\u00e9e de BTS &#8211; Session 2025. Vous y retrouvez \u00e9galement des propositions de ressources.\n<ul>\n<li><span style=\"text-decoration: underline;\">Th\u00e8me<\/span> : <em>Les animaux et nous : imaginer, conna\u00eetre, comprendre l\u2019animal<\/em><\/li>\n<\/ul>\n<\/li>\n<\/ul>\n<h4><span style=\"color: #ff6600;\">Modalit\u00e9s de l\u2019\u00e9preuve orale de contr\u00f4le en BTS<\/span><\/h4>\n<ul>\n<li>Le BO n\u00b040 du 23 octobre 2025 pr\u00e9cise <strong><a href=\"https:\/\/www.education.gouv.fr\/bo\/2025\/Hebdo40\/MENS2525318N\" target=\"_blank\" rel=\"noopener\">les modalit\u00e9s pour les \u00e9preuves de contr\u00f4le du BTS<\/a><\/strong> \u00e0 partir de la session d&rsquo;examen 2026.\n<ul>\n<li><a href=\"https:\/\/www.pedagogie.ac-nice.fr\/plplh\/wp-content\/uploads\/sites\/18\/2025\/10\/ensecsup318_annexe-1.pdf\" target=\"_blank\" rel=\"noopener\"><strong>Grille nationale d\u2019\u00e9valuation de l&rsquo;\u00e9preuve de contr\u00f4le de culture g\u00e9n\u00e9rale et expression ou fran\u00e7ais <\/strong><\/a>(Annexe 1)<\/li>\n<\/ul>\n<\/li>\n<\/ul>\n","protected":false},"excerpt":{"rendered":"<p>CULTURE G\u00c9N\u00c9RALE ET EXPRESSION Retrouvez sur cette page, des proposition de probl\u00e9matiques, des indications bibliographiques, d\u2019\u0153uvres filmiques ou musicales pour le th\u00e8me pr\u00e9vu. Nouvelle \u00e9preuve de CGE Afin de pr\u00e9parer au mieux les \u00e9tudiants passant les \u00e9preuves de CGE en juin 2025, vous trouverez trois documents nationaux relatifs \u00e0 l&rsquo;accompagnement de la nouvelle \u00e9preuve de &hellip; <\/p>\n<p><a class=\"more-link btn\" href=\"https:\/\/www.pedagogie.ac-nice.fr\/plplh\/bts\/\">Lire la suite<\/a><\/p>\n","protected":false},"author":195,"featured_media":0,"parent":0,"menu_order":0,"comment_status":"closed","ping_status":"closed","template":"","meta":{"ngg_post_thumbnail":0,"footnotes":""},"class_list":["post-8020","page","type-page","status-publish","hentry","nodate","item-wrap"],"rttpg_featured_image_url":null,"rttpg_author":{"display_name":"David Lamoureux","author_link":"https:\/\/www.pedagogie.ac-nice.fr\/plplh\/author\/dlamoureux\/"},"rttpg_comment":0,"rttpg_category":null,"rttpg_excerpt":"CULTURE G\u00c9N\u00c9RALE ET EXPRESSION Retrouvez sur cette page, des proposition de probl\u00e9matiques, des indications bibliographiques, d\u2019\u0153uvres filmiques ou musicales pour le th\u00e8me pr\u00e9vu. Nouvelle \u00e9preuve de CGE Afin de pr\u00e9parer au mieux les \u00e9tudiants passant les \u00e9preuves de CGE en juin 2025, vous trouverez trois documents nationaux relatifs \u00e0 l&rsquo;accompagnement de la nouvelle \u00e9preuve de\u2026","post_mailing_queue_ids":[],"_links":{"self":[{"href":"https:\/\/www.pedagogie.ac-nice.fr\/plplh\/wp-json\/wp\/v2\/pages\/8020","targetHints":{"allow":["GET"]}}],"collection":[{"href":"https:\/\/www.pedagogie.ac-nice.fr\/plplh\/wp-json\/wp\/v2\/pages"}],"about":[{"href":"https:\/\/www.pedagogie.ac-nice.fr\/plplh\/wp-json\/wp\/v2\/types\/page"}],"author":[{"embeddable":true,"href":"https:\/\/www.pedagogie.ac-nice.fr\/plplh\/wp-json\/wp\/v2\/users\/195"}],"replies":[{"embeddable":true,"href":"https:\/\/www.pedagogie.ac-nice.fr\/plplh\/wp-json\/wp\/v2\/comments?post=8020"}],"version-history":[{"count":22,"href":"https:\/\/www.pedagogie.ac-nice.fr\/plplh\/wp-json\/wp\/v2\/pages\/8020\/revisions"}],"predecessor-version":[{"id":10398,"href":"https:\/\/www.pedagogie.ac-nice.fr\/plplh\/wp-json\/wp\/v2\/pages\/8020\/revisions\/10398"}],"wp:attachment":[{"href":"https:\/\/www.pedagogie.ac-nice.fr\/plplh\/wp-json\/wp\/v2\/media?parent=8020"}],"curies":[{"name":"wp","href":"https:\/\/api.w.org\/{rel}","templated":true}]}}