{"id":1144,"date":"2014-10-09T20:51:36","date_gmt":"2014-10-09T18:51:36","guid":{"rendered":"http:\/\/.\/?page_id=2"},"modified":"2026-03-21T18:55:24","modified_gmt":"2026-03-21T17:55:24","slug":"accueil","status":"publish","type":"page","link":"https:\/\/www.pedagogie.ac-nice.fr\/sbssa\/","title":{"rendered":"Accueil"},"content":{"rendered":"<div class=\"col-3-4\">\n<div style=\"width: 1280px;\" class=\"wp-video\"><video class=\"wp-video-shortcode\" id=\"video-1144-1\" width=\"1280\" height=\"720\" preload=\"metadata\" controls=\"controls\"><source type=\"video\/mp4\" src=\"https:\/\/www.pedagogie.ac-nice.fr\/sbssa\/wp-content\/uploads\/sites\/10\/2024\/05\/2024-05-16-15-36-39_1.mp4?_=1\" \/><a href=\"https:\/\/www.pedagogie.ac-nice.fr\/sbssa\/wp-content\/uploads\/sites\/10\/2024\/05\/2024-05-16-15-36-39_1.mp4\">https:\/\/www.pedagogie.ac-nice.fr\/sbssa\/wp-content\/uploads\/sites\/10\/2024\/05\/2024-05-16-15-36-39_1.mp4<\/a><\/video><\/div>\n<p style=\"text-align: center;\"><span style=\"color: #ff0000; font-size: 36pt;\"><strong>SITE EN REVISION<\/strong><\/span><\/p>\n<p>Le site \u00ab<strong>Sciences biologiques et sciences sociales appliqu\u00e9es<\/strong>\u00bb, a \u00e9t\u00e9 con\u00e7u pour faciliter la mutualisation des productions p\u00e9dagogiques et constitue une base de ressources pour les enseignants de l\u2019acad\u00e9mie.<\/p>\n<p>Ce site a vocation \u00e0 \u00e9voluer au regard de l&rsquo;actualit\u00e9 de nos disciplines et des productions qui seraient r\u00e9alis\u00e9es dans le cadre des activit\u00e9s du plan acad\u00e9mique de formation (PAF).<\/p>\n<p>Vous en souhaitant une riche exploitation.<\/p>\n<p><strong>Anne DURAND<\/strong> <strong>et Alexandre FUNDONE , <\/strong><em>Inspecteurs de l\u2019\u00c9ducation nationale<\/em><\/p>\n<p>&nbsp; &nbsp; &nbsp; &nbsp; <img loading=\"lazy\" decoding=\"async\" class=\"alignnone wp-image-2332\" src=\"https:\/\/www.pedagogie.ac-nice.fr\/sbssa\/wp-content\/uploads\/sites\/10\/2026\/03\/Capture-decran-2026-03-21-185207-300x288.png\" alt=\"\" width=\"243\" height=\"233\" srcset=\"https:\/\/www.pedagogie.ac-nice.fr\/sbssa\/wp-content\/uploads\/sites\/10\/2026\/03\/Capture-decran-2026-03-21-185207-300x288.png 300w, https:\/\/www.pedagogie.ac-nice.fr\/sbssa\/wp-content\/uploads\/sites\/10\/2026\/03\/Capture-decran-2026-03-21-185207.png 745w\" sizes=\"auto, (max-width: 243px) 100vw, 243px\" \/><\/p>\n<\/div>\n<div class=\"col-1-4\">\n<table style=\"border-collapse: collapse; width: 100.249%; height: 563px;\">\n<tbody>\n<tr style=\"height: 607px;\">\n<td style=\"width: 100%; height: 607px;\">\n<div><span style=\"font-size: 18pt;\"><strong>Actualit\u00e9s<\/strong><\/span><\/div>\n<div>&nbsp;<\/div>\n<div><strong>&#8211; EVARS<\/strong><\/div>\n<div><a href=\"https:\/\/eduscol.education.gouv.fr\/5916\/mettre-en-oeuvre-le-programme-evarevars\">Programme et fiches ressources<\/a><\/div>\n<div>&nbsp;<\/div>\n<div>Webinaire du 24 mars 2026 de 16h \u00e0 18h:<\/div>\n<div>&nbsp;Teen series :En quelle mesure les repr\u00e9sentations genr\u00e9es que les s\u00e9ries v\u00e9hiculent jouent un r\u00f4le dans la perception des sexualit\u00e9s et dans les pratiques des ados ?<\/div>\n<div><a href=\"https:\/\/framaforms.org\/24-mars-2026-les-episodes-cevenols-le-cycle-de-webconferences-de-linstitut-agro-campus-de-florac\">lien d&rsquo;inscription<\/a><\/div>\n<div>\n<p><a href=\"https:\/\/www.education.gouv.fr\/bo\/22\/Hebdo36\/MENE2228054C.htm\" target=\"_blank\" rel=\"noopener\"><img loading=\"lazy\" decoding=\"async\" class=\"alignnone wp-image-2044\" src=\"https:\/\/www.pedagogie.ac-nice.fr\/sbssa\/wp-content\/uploads\/sites\/10\/2024\/03\/bulletinofficiel-30806-150x150.jpg\" alt=\"\" width=\"63\" height=\"63\" srcset=\"https:\/\/www.pedagogie.ac-nice.fr\/sbssa\/wp-content\/uploads\/sites\/10\/2024\/03\/bulletinofficiel-30806-150x150.jpg 150w, https:\/\/www.pedagogie.ac-nice.fr\/sbssa\/wp-content\/uploads\/sites\/10\/2024\/03\/bulletinofficiel-30806-300x300.jpg 300w\" sizes=\"auto, (max-width: 63px) 100vw, 63px\" \/><\/a><\/p>\n<\/div>\n<div><span style=\"color: #000000;\">&#8211; INRS Concours<\/span><\/div>\n<div>&nbsp;<\/div>\n<div><span style=\"color: #000000;\"><strong><a style=\"color: #000000;\" href=\"https:\/\/www.education.gouv.fr\/12-mesures-pour-faire-du-lycee-professionnel-un-choix-d-avenir-pour-les-jeunes-et-les-entreprises-378032\" target=\"_blank\" rel=\"noopener\">&#8211;<\/a><\/strong><a style=\"color: #000000;\" href=\"https:\/\/www.education.gouv.fr\/reforme-des-lycees-professionnels-des-ajustements-en-terminale-pour-renforcer-la-reussite-des-eleves-469904\" target=\"_blank\" rel=\"noopener\"><strong>R\u00e9forme des lyc\u00e9es professionnels<\/strong><\/a><\/span><\/div>\n<div>\n<p>&nbsp;<\/p>\n<\/div>\n<\/td>\n<\/tr>\n<\/tbody>\n<\/table>\n<\/div>\n","protected":false},"excerpt":{"rendered":"<p>SITE EN REVISION Le site \u00abSciences biologiques et sciences sociales appliqu\u00e9es\u00bb, a \u00e9t\u00e9 con\u00e7u pour faciliter la mutualisation des productions p\u00e9dagogiques et constitue une base de ressources pour les enseignants de l\u2019acad\u00e9mie. Ce site a vocation \u00e0 \u00e9voluer au regard de l&rsquo;actualit\u00e9 de nos disciplines et des productions qui seraient r\u00e9alis\u00e9es dans le cadre des [&hellip;]<\/p>\n","protected":false},"author":323,"featured_media":0,"parent":0,"menu_order":0,"comment_status":"closed","ping_status":"closed","template":"","meta":{"ngg_post_thumbnail":0,"footnotes":""},"class_list":["post-1144","page","type-page","status-publish","hentry"],"rttpg_featured_image_url":null,"rttpg_author":{"display_name":"nbsbssa","author_link":"https:\/\/www.pedagogie.ac-nice.fr\/sbssa\/author\/nbsbssa\/"},"rttpg_comment":0,"rttpg_category":null,"rttpg_excerpt":"SITE EN REVISION Le site \u00abSciences biologiques et sciences sociales appliqu\u00e9es\u00bb, a \u00e9t\u00e9 con\u00e7u pour faciliter la mutualisation des productions p\u00e9dagogiques et constitue une base de ressources pour les enseignants de l\u2019acad\u00e9mie. Ce site a vocation \u00e0 \u00e9voluer au regard de l&rsquo;actualit\u00e9 de nos disciplines et des productions qui seraient r\u00e9alis\u00e9es dans le cadre des\u2026","post_mailing_queue_ids":[],"_links":{"self":[{"href":"https:\/\/www.pedagogie.ac-nice.fr\/sbssa\/wp-json\/wp\/v2\/pages\/1144","targetHints":{"allow":["GET"]}}],"collection":[{"href":"https:\/\/www.pedagogie.ac-nice.fr\/sbssa\/wp-json\/wp\/v2\/pages"}],"about":[{"href":"https:\/\/www.pedagogie.ac-nice.fr\/sbssa\/wp-json\/wp\/v2\/types\/page"}],"author":[{"embeddable":true,"href":"https:\/\/www.pedagogie.ac-nice.fr\/sbssa\/wp-json\/wp\/v2\/users\/323"}],"replies":[{"embeddable":true,"href":"https:\/\/www.pedagogie.ac-nice.fr\/sbssa\/wp-json\/wp\/v2\/comments?post=1144"}],"version-history":[{"count":142,"href":"https:\/\/www.pedagogie.ac-nice.fr\/sbssa\/wp-json\/wp\/v2\/pages\/1144\/revisions"}],"predecessor-version":[{"id":2320,"href":"https:\/\/www.pedagogie.ac-nice.fr\/sbssa\/wp-json\/wp\/v2\/pages\/1144\/revisions\/2320"}],"wp:attachment":[{"href":"https:\/\/www.pedagogie.ac-nice.fr\/sbssa\/wp-json\/wp\/v2\/media?parent=1144"}],"curies":[{"name":"wp","href":"https:\/\/api.w.org\/{rel}","templated":true}]}}