{"id":2306,"date":"2026-03-16T10:09:16","date_gmt":"2026-03-16T09:09:16","guid":{"rendered":"https:\/\/www.pedagogie.ac-nice.fr\/sbssa\/?page_id=2306"},"modified":"2026-04-20T15:18:50","modified_gmt":"2026-04-20T13:18:50","slug":"point-infos","status":"publish","type":"page","link":"https:\/\/www.pedagogie.ac-nice.fr\/sbssa\/point-infos\/","title":{"rendered":"Point Infos"},"content":{"rendered":"<ul>\n<li><span style=\"font-size: 14pt;\"><strong>Des concours pour nos \u00e9l\u00e8ves<\/strong>:<span style=\"font-size: 12pt;\"> C<em>e ppt d\u00e9crit succinctement 4 concours&nbsp;: \u00ab&nbsp;Jeunes, solidaires et citoyens&nbsp;\u00bb, \u00ab&nbsp;MAF&nbsp;\u00bb, \u00ab&nbsp;Worldskills&nbsp;\u00bb et \u00ab&nbsp;CGM&nbsp;\u00bb. Les dates sont d\u00e9pass\u00e9es mais vous y trouverez les liens n\u00e9cessaires pour obtenir de plus amples informations<\/em>.<\/span><\/span><\/li>\n<\/ul>\n<p style=\"text-align: center;\"><a href=\"https:\/\/www.pedagogie.ac-nice.fr\/sbssa\/wp-content\/uploads\/sites\/10\/2026\/04\/Des-concours-pour-nos-eleves.pptx\" target=\"_blank\" rel=\"noopener\"><img loading=\"lazy\" decoding=\"async\" class=\" wp-image-2416 aligncenter\" src=\"https:\/\/www.pedagogie.ac-nice.fr\/sbssa\/wp-content\/uploads\/sites\/10\/2026\/04\/Des-concours-pour-nos-eleves-300x135.png\" alt=\"\" width=\"364\" height=\"164\" srcset=\"https:\/\/www.pedagogie.ac-nice.fr\/sbssa\/wp-content\/uploads\/sites\/10\/2026\/04\/Des-concours-pour-nos-eleves-300x135.png 300w, https:\/\/www.pedagogie.ac-nice.fr\/sbssa\/wp-content\/uploads\/sites\/10\/2026\/04\/Des-concours-pour-nos-eleves-1024x459.png 1024w, https:\/\/www.pedagogie.ac-nice.fr\/sbssa\/wp-content\/uploads\/sites\/10\/2026\/04\/Des-concours-pour-nos-eleves-768x345.png 768w, https:\/\/www.pedagogie.ac-nice.fr\/sbssa\/wp-content\/uploads\/sites\/10\/2026\/04\/Des-concours-pour-nos-eleves.png 1110w\" sizes=\"auto, (max-width: 364px) 100vw, 364px\" \/> <\/a>cliquer sur l&rsquo;image<\/p>\n<ul>\n<li><span style=\"font-size: 14pt;\"><strong>La s\u00e9curit\u00e9 sociale et moi<\/strong>:<\/span>&nbsp; &nbsp;<em>tout ce qu\u2019il faut savoir sur le partenariat entre la s\u00e9curit\u00e9 sociale et l\u2019\u00e9ducation nationale&nbsp;: infographies, documents p\u00e9dagogiques, \u2026<\/em><\/li>\n<\/ul>\n<div class=\"resource\">Kit p\u00e9dagogique<\/div>\n<div class=\"sous-resource\">\n<ol>\n<li><span style=\"color: #000000;\"><a style=\"color: #000000;\" href=\"https:\/\/www.pedagogie.ac-nice.fr\/sbssa\/wp-content\/uploads\/sites\/10\/2026\/04\/Lettre-de-presentation.docx\" target=\"_blank\" rel=\"noopener\">Lettre de pr\u00e9sentation <\/a><\/span><img loading=\"lazy\" decoding=\"async\" class=\"alignnone wp-image-2380\" src=\"https:\/\/www.pedagogie.ac-nice.fr\/sbssa\/wp-content\/uploads\/sites\/10\/2026\/04\/logo-Word.png\" alt=\"\" width=\"38\" height=\"38\"><\/li>\n<li><span style=\"color: #000000;\"><a style=\"color: #000000;\" href=\"https:\/\/www.pedagogie.ac-nice.fr\/sbssa\/wp-content\/uploads\/sites\/10\/2026\/04\/Support-enseignants-MP.pptx\">Support enseignants MP<\/a> <img loading=\"lazy\" decoding=\"async\" class=\"alignnone size-full wp-image-2433\" src=\"https:\/\/www.pedagogie.ac-nice.fr\/sbssa\/wp-content\/uploads\/sites\/10\/2026\/04\/Logo-ppt.png\" alt=\"\" width=\"44\" height=\"48\"><\/span><\/li>\n<li><span style=\"color: #000000;\"><a style=\"color: #000000;\" href=\"https:\/\/www.pedagogie.ac-nice.fr\/sbssa\/wp-content\/uploads\/sites\/10\/2026\/04\/Fiche-sequence-a-destination-des-enseignants.pdf\">Fiche s\u00e9quence \u00e0 destination des enseignants<\/a><img loading=\"lazy\" decoding=\"async\" class=\"alignnone wp-image-2379\" src=\"https:\/\/www.pedagogie.ac-nice.fr\/sbssa\/wp-content\/uploads\/sites\/10\/2026\/04\/logo-PDF.png\" alt=\"\" width=\"38\" height=\"38\"><\/span><\/li>\n<li><span style=\"color: #000000;\"><a style=\"color: #000000;\" href=\"https:\/\/www.pedagogie.ac-nice.fr\/sbssa\/wp-content\/uploads\/sites\/10\/2026\/04\/Fiche-schema-systeme-de-sante.pdf\">Fiche sch\u00e9ma syst\u00e8me de sant\u00e9<\/a><img loading=\"lazy\" decoding=\"async\" class=\"alignnone wp-image-2379\" src=\"https:\/\/www.pedagogie.ac-nice.fr\/sbssa\/wp-content\/uploads\/sites\/10\/2026\/04\/logo-PDF.png\" alt=\"\" width=\"38\" height=\"38\"><\/span><\/li>\n<li><span style=\"color: #000000;\"><a style=\"color: #000000;\" href=\"https:\/\/www.pedagogie.ac-nice.fr\/sbssa\/wp-content\/uploads\/sites\/10\/2026\/04\/Fiche-memo-demarche-de-lassure.pdf\">Fiche m\u00e9mo d\u00e9marche de l&rsquo;assur\u00e9<\/a><img loading=\"lazy\" decoding=\"async\" class=\"alignnone wp-image-2379\" src=\"https:\/\/www.pedagogie.ac-nice.fr\/sbssa\/wp-content\/uploads\/sites\/10\/2026\/04\/logo-PDF.png\" alt=\"\" width=\"38\" height=\"38\"><\/span><\/li>\n<\/ol>\n<\/div>\n<p>&nbsp;<\/p>\n<p>&nbsp;<\/p>\n","protected":false},"excerpt":{"rendered":"<p>Des concours pour nos \u00e9l\u00e8ves: Ce ppt d\u00e9crit succinctement 4 concours&nbsp;: \u00ab&nbsp;Jeunes, solidaires et citoyens&nbsp;\u00bb, \u00ab&nbsp;MAF&nbsp;\u00bb, \u00ab&nbsp;Worldskills&nbsp;\u00bb et \u00ab&nbsp;CGM&nbsp;\u00bb. Les dates sont d\u00e9pass\u00e9es mais vous y trouverez les liens n\u00e9cessaires pour obtenir de plus amples informations. cliquer sur l&rsquo;image La s\u00e9curit\u00e9 sociale et moi:&nbsp; &nbsp;tout ce qu\u2019il faut savoir sur le partenariat entre la s\u00e9curit\u00e9 [&hellip;]<\/p>\n","protected":false},"author":795,"featured_media":0,"parent":0,"menu_order":0,"comment_status":"closed","ping_status":"closed","template":"","meta":{"ngg_post_thumbnail":0,"footnotes":""},"class_list":["post-2306","page","type-page","status-publish","hentry"],"rttpg_featured_image_url":null,"rttpg_author":{"display_name":"admssbsa8","author_link":"https:\/\/www.pedagogie.ac-nice.fr\/sbssa\/author\/admssbsa8\/"},"rttpg_comment":0,"rttpg_category":null,"rttpg_excerpt":"Des concours pour nos \u00e9l\u00e8ves: Ce ppt d\u00e9crit succinctement 4 concours&nbsp;: \u00ab&nbsp;Jeunes, solidaires et citoyens&nbsp;\u00bb, \u00ab&nbsp;MAF&nbsp;\u00bb, \u00ab&nbsp;Worldskills&nbsp;\u00bb et \u00ab&nbsp;CGM&nbsp;\u00bb. Les dates sont d\u00e9pass\u00e9es mais vous y trouverez les liens n\u00e9cessaires pour obtenir de plus amples informations. cliquer sur l&rsquo;image La s\u00e9curit\u00e9 sociale et moi:&nbsp; &nbsp;tout ce qu\u2019il faut savoir sur le partenariat entre la s\u00e9curit\u00e9\u2026","post_mailing_queue_ids":[],"_links":{"self":[{"href":"https:\/\/www.pedagogie.ac-nice.fr\/sbssa\/wp-json\/wp\/v2\/pages\/2306","targetHints":{"allow":["GET"]}}],"collection":[{"href":"https:\/\/www.pedagogie.ac-nice.fr\/sbssa\/wp-json\/wp\/v2\/pages"}],"about":[{"href":"https:\/\/www.pedagogie.ac-nice.fr\/sbssa\/wp-json\/wp\/v2\/types\/page"}],"author":[{"embeddable":true,"href":"https:\/\/www.pedagogie.ac-nice.fr\/sbssa\/wp-json\/wp\/v2\/users\/795"}],"replies":[{"embeddable":true,"href":"https:\/\/www.pedagogie.ac-nice.fr\/sbssa\/wp-json\/wp\/v2\/comments?post=2306"}],"version-history":[{"count":16,"href":"https:\/\/www.pedagogie.ac-nice.fr\/sbssa\/wp-json\/wp\/v2\/pages\/2306\/revisions"}],"predecessor-version":[{"id":2473,"href":"https:\/\/www.pedagogie.ac-nice.fr\/sbssa\/wp-json\/wp\/v2\/pages\/2306\/revisions\/2473"}],"wp:attachment":[{"href":"https:\/\/www.pedagogie.ac-nice.fr\/sbssa\/wp-json\/wp\/v2\/media?parent=2306"}],"curies":[{"name":"wp","href":"https:\/\/api.w.org\/{rel}","templated":true}]}}