{"id":301,"date":"2015-02-08T23:23:38","date_gmt":"2015-02-08T22:23:38","guid":{"rendered":"http:\/\/.\/?page_id=301"},"modified":"2026-04-20T15:17:20","modified_gmt":"2026-04-20T13:17:20","slug":"mention-complementaire-aide-a-domicile","status":"publish","type":"page","link":"https:\/\/www.pedagogie.ac-nice.fr\/sbssa\/mention-complementaire-aide-a-domicile\/","title":{"rendered":"Certificat de sp\u00e9cialisation Aide \u00e0 domicile"},"content":{"rendered":"<div class=\"f_center\">\n<div>\n<div class=\"resource\">Ressources acad\u00e9miques<\/div>\n<div class=\"sous-resource\">\n<ul>\n<li style=\"list-style-type: none;\">\n<ol>\n<li><strong><span style=\"color: #000000;\"><a style=\"color: #000000;\" href=\"https:\/\/www.pedagogie.ac-nice.fr\/sbssa\/wp-content\/uploads\/sites\/10\/2024\/05\/livret-suivi-pfmp-mcad-R24.docx\" target=\"_blank\" rel=\"noopener\">Livret de stage<\/a><\/span><\/strong> <a href=\"\/wp-content\/uploads\/2015\/02\/Livret-de-suivi-PFMPCAP-coiffure.doc\" target=\"_blank\" rel=\"noopener\"><img loading=\"lazy\" decoding=\"async\" class=\"alignnone wp-image-2380\" src=\"https:\/\/www.pedagogie.ac-nice.fr\/sbssa\/wp-content\/uploads\/sites\/10\/2026\/04\/logo-Word.png\" alt=\"\" width=\"36\" height=\"36\"><\/a><\/li>\n<li><strong><span style=\"color: #000000;\"><a style=\"color: #000000;\" href=\"https:\/\/www.pedagogie.ac-nice.fr\/sbssa\/wp-content\/uploads\/sites\/10\/2026\/04\/Grilles-CSAD-Nice-16-09-25.xlsx\" target=\"_blank\" rel=\"noopener\">Grilles d&rsquo;\u00e9valuation CCF<img loading=\"lazy\" decoding=\"async\" class=\"alignnone wp-image-2378\" src=\"https:\/\/www.pedagogie.ac-nice.fr\/sbssa\/wp-content\/uploads\/sites\/10\/2026\/04\/Logo-Excel.png\" alt=\"\" width=\"40\" height=\"40\"><\/a><\/span><\/strong><\/li>\n<\/ol>\n<\/li>\n<\/ul>\n<\/div>\n<div class=\"resource\">Ressources nationales<\/div>\n<div class=\"sous-resource\">\n<ol>\n<li><strong><span style=\"color: #000000;\"><a style=\"color: #000000;\" href=\"https:\/\/www.pedagogie.ac-nice.fr\/sbssa\/wp-content\/uploads\/sites\/10\/2024\/05\/arrete_du_10_fevrier_2023-_referentiel_mcad.pdf\" target=\"_blank\" rel=\"noopener\">Arr\u00eat\u00e9 du 10 f\u00e9vrier 2023 portant cr\u00e9ation du CSAD<\/a><a href=\"https:\/\/www.pedagogie.ac-nice.fr\/sbssa\/wp-content\/uploads\/sites\/10\/2024\/03\/FORMATION-DISTANCIELLE-CCF-CAP-METIERS-DE-LA-COIFFURE-11-FEVRIER-2021-1.pdf\" target=\"_blank\" rel=\"noopener\"><img loading=\"lazy\" decoding=\"async\" class=\"alignnone wp-image-2379\" src=\"https:\/\/www.pedagogie.ac-nice.fr\/sbssa\/wp-content\/uploads\/sites\/10\/2026\/04\/logo-PDF.png\" alt=\"\" width=\"36\" height=\"36\"><\/a><\/span><\/strong><\/li>\n<li><strong><span style=\"color: #000000;\"><a style=\"color: #000000;\" href=\"https:\/\/www.pedagogie.ac-nice.fr\/sbssa\/wp-content\/uploads\/sites\/10\/2024\/05\/GAP-12-juin.pdf\" target=\"_blank\" rel=\"noopener\">Guide d&rsquo;accompagnement p\u00e9dagogique<\/a><a href=\"https:\/\/www.pedagogie.ac-nice.fr\/sbssa\/wp-content\/uploads\/sites\/10\/2024\/03\/FORMATION-DISTANCIELLE-CCF-CAP-METIERS-DE-LA-COIFFURE-11-FEVRIER-2021-1.pdf\" target=\"_blank\" rel=\"noopener\"><img loading=\"lazy\" decoding=\"async\" class=\"alignnone wp-image-2379\" src=\"https:\/\/www.pedagogie.ac-nice.fr\/sbssa\/wp-content\/uploads\/sites\/10\/2026\/04\/logo-PDF.png\" alt=\"\" width=\"36\" height=\"36\"><\/a><\/span><\/strong><\/li>\n<li><strong><span style=\"color: #000000;\"><a style=\"color: #000000;\" href=\"https:\/\/www.pedagogie.ac-nice.fr\/sbssa\/wp-content\/uploads\/sites\/10\/2026\/04\/Guide-equipement-CSAD.docx\">Guide d&rsquo;\u00e9quipement CS AD<\/a><a href=\"https:\/\/www.pedagogie.ac-nice.fr\/sbssa\/wp-content\/uploads\/sites\/10\/2024\/03\/FORMATION-DISTANCIELLE-CCF-CAP-METIERS-DE-LA-COIFFURE-11-FEVRIER-2021-1.pdf\" target=\"_blank\" rel=\"noopener\"><img loading=\"lazy\" decoding=\"async\" class=\"alignnone wp-image-2379\" src=\"https:\/\/www.pedagogie.ac-nice.fr\/sbssa\/wp-content\/uploads\/sites\/10\/2026\/04\/logo-PDF.png\" alt=\"\" width=\"36\" height=\"36\"><\/a> <\/span><\/strong><\/li>\n<\/ol>\n<\/div>\n<\/div>\n<\/div>\n","protected":false},"excerpt":{"rendered":"<p>Ressources acad\u00e9miques Livret de stage Grilles d&rsquo;\u00e9valuation CCF Ressources nationales Arr\u00eat\u00e9 du 10 f\u00e9vrier 2023 portant cr\u00e9ation du CSAD Guide d&rsquo;accompagnement p\u00e9dagogique Guide d&rsquo;\u00e9quipement CS AD<\/p>\n","protected":false},"author":1,"featured_media":0,"parent":0,"menu_order":0,"comment_status":"closed","ping_status":"closed","template":"","meta":{"ngg_post_thumbnail":0,"footnotes":""},"class_list":["post-301","page","type-page","status-publish","hentry"],"rttpg_featured_image_url":null,"rttpg_author":{"display_name":"norco","author_link":"https:\/\/www.pedagogie.ac-nice.fr\/sbssa\/author\/norco\/"},"rttpg_comment":0,"rttpg_category":null,"rttpg_excerpt":"Ressources acad\u00e9miques Livret de stage Grilles d&rsquo;\u00e9valuation CCF Ressources nationales Arr\u00eat\u00e9 du 10 f\u00e9vrier 2023 portant cr\u00e9ation du CSAD Guide d&rsquo;accompagnement p\u00e9dagogique Guide d&rsquo;\u00e9quipement CS AD","post_mailing_queue_ids":[],"_links":{"self":[{"href":"https:\/\/www.pedagogie.ac-nice.fr\/sbssa\/wp-json\/wp\/v2\/pages\/301","targetHints":{"allow":["GET"]}}],"collection":[{"href":"https:\/\/www.pedagogie.ac-nice.fr\/sbssa\/wp-json\/wp\/v2\/pages"}],"about":[{"href":"https:\/\/www.pedagogie.ac-nice.fr\/sbssa\/wp-json\/wp\/v2\/types\/page"}],"author":[{"embeddable":true,"href":"https:\/\/www.pedagogie.ac-nice.fr\/sbssa\/wp-json\/wp\/v2\/users\/1"}],"replies":[{"embeddable":true,"href":"https:\/\/www.pedagogie.ac-nice.fr\/sbssa\/wp-json\/wp\/v2\/comments?post=301"}],"version-history":[{"count":23,"href":"https:\/\/www.pedagogie.ac-nice.fr\/sbssa\/wp-json\/wp\/v2\/pages\/301\/revisions"}],"predecessor-version":[{"id":2407,"href":"https:\/\/www.pedagogie.ac-nice.fr\/sbssa\/wp-json\/wp\/v2\/pages\/301\/revisions\/2407"}],"wp:attachment":[{"href":"https:\/\/www.pedagogie.ac-nice.fr\/sbssa\/wp-json\/wp\/v2\/media?parent=301"}],"curies":[{"name":"wp","href":"https:\/\/api.w.org\/{rel}","templated":true}]}}